{"id":2711,"date":"2020-08-15T13:42:59","date_gmt":"2020-08-15T10:42:59","guid":{"rendered":"https:\/\/kanerva.eu\/fi\/?page_id=2711"},"modified":"2026-03-21T19:26:16","modified_gmt":"2026-03-21T17:26:16","slug":"jarmo-kanerva-vaalisivu","status":"publish","type":"page","link":"https:\/\/kanerva.eu\/fi\/","title":{"rendered":"Parannetaan Suomi!"},"content":{"rendered":"\n<div class=\"wp-block-uagb-container uag-hide-desktop uag-hide-tab uag-hide-mob uagb-block-e2bc6eb1 alignfull uagb-is-root-container\">\n<figure class=\"wp-block-image aligncenter size-full is-resized\" style=\"margin-top:10px;margin-right:0px;margin-bottom:10px;margin-left:0px\"><img loading=\"lazy\" decoding=\"async\" width=\"335\" height=\"335\" src=\"data:image\/gif;base64,R0lGODlhAQABAAAAACH5BAEKAAEALAAAAAABAAEAAAICTAEAOw==\" alt=\"\" class=\"wp-image-11996 lazyload\" style=\"width:480px\" sizes=\"auto, (max-width: 335px) 100vw, 335px\" data-src=\"https:\/\/kanerva.eu\/fi\/wp-content\/uploads\/Jarmo_Kanerva-335-C.webp\" data-srcset=\"https:\/\/kanerva.eu\/fi\/wp-content\/uploads\/Jarmo_Kanerva-335-C.webp 335w, https:\/\/kanerva.eu\/fi\/wp-content\/uploads\/Jarmo_Kanerva-335-C-300x300.webp 300w\"><\/figure>\n<\/div>\n\n\n\n<div class=\"wp-block-uagb-container uag-hide-desktop uag-hide-tab uag-hide-mob uagb-block-227334c7 alignfull uagb-is-root-container\"><div class=\"uagb-container-inner-blocks-wrap\">\n<figure class=\"wp-block-image aligncenter size-full has-custom-border\" style=\"margin-top:10px;margin-right:0px;margin-bottom:10px;margin-left:0px\"><img loading=\"lazy\" decoding=\"async\" width=\"500\" height=\"500\" src=\"data:image\/gif;base64,R0lGODlhAQABAAAAACH5BAEKAAEALAAAAAABAAEAAAICTAEAOw==\" alt=\"\" class=\"wp-image-11995 lazyload\" style=\"border-style:none;border-width:0px;border-radius:10px;object-fit:cover\" sizes=\"auto, (max-width: 500px) 100vw, 500px\" data-src=\"https:\/\/kanerva.eu\/fi\/wp-content\/uploads\/Jarmo_Kanerva-500-C.webp\" data-srcset=\"https:\/\/kanerva.eu\/fi\/wp-content\/uploads\/Jarmo_Kanerva-500-C.webp 500w, https:\/\/kanerva.eu\/fi\/wp-content\/uploads\/Jarmo_Kanerva-500-C-300x300.webp 300w\"><\/figure>\n<\/div><\/div>\n\n\n\n<section class=\"wp-block-uagb-container uag-hide-tab uag-hide-mob uagb-block-c80c944c alignfull uagb-is-root-container\">\n<div class=\"wp-block-uagb-container uagb-block-fc87fede\">\n<div class=\"wp-block-themepunch-revslider revslider\" data-modal=\"false\" data-slidertitle=\"S-Etusivu-02-Wh\" style=\"\">\n\t\t\t\t<p class=\"rs-p-wp-fix\"><\/p>\n\t\t\t\t<sr7-module data-alias=\"s-etusivu-02-wh\" data-id=\"19\" id=\"SR7_19_1\" class=\"rs-ov-hidden\" data-version=\"6.7.51\">\n\t\t\t\t\t<sr7-adjuster><\/sr7-adjuster>\n\t\t\t\t\t<sr7-content>\n\t\t\t\t\t\t<sr7-slide id=\"SR7_19_1-108\" data-key=\"108\">\n\t\t\t\t\t\t\t<sr7-txt id=\"SR7_19_1-108-4\" class=\"sr7-layer\">PARANNETAAN SUOMI<\/sr7-txt>\n\t\t\t\t\t\t<\/sr7-slide>\n\t\t\t\t\t\t<sr7-slide id=\"SR7_19_1-103\" data-key=\"103\">\n\t\t\t\t\t\t\t<sr7-txt id=\"SR7_19_1-103-4\" class=\"sr7-layer\">SUOMI ELINVOIMAISEKSI<\/sr7-txt>\n\t\t\t\t\t\t<\/sr7-slide>\n\t\t\t\t\t\t<sr7-slide id=\"SR7_19_1-99\" data-key=\"99\">\n\t\t\t\t\t\t\t<sr7-txt id=\"SR7_19_1-99-4\" class=\"sr7-layer\">PALVELUT KUNTOON<br \/>\n<\/sr7-txt>\n\t\t\t\t\t\t<\/sr7-slide>\n\t\t\t\t\t\t<sr7-slide id=\"SR7_19_1-98\" data-key=\"98\">\n\t\t\t\t\t\t\t<sr7-txt id=\"SR7_19_1-98-4\" class=\"sr7-layer\">PERUSPALVELUIHIN ON VARAA <\/sr7-txt>\n\t\t\t\t\t\t<\/sr7-slide>\n\t\t\t\t\t\t<sr7-slide id=\"SR7_19_1-107\" data-key=\"107\">\n\t\t\t\t\t\t\t<sr7-txt id=\"SR7_19_1-107-4\" class=\"sr7-layer\">SOTE KUNTOON<\/sr7-txt>\n\t\t\t\t\t\t<\/sr7-slide>\n\t\t\t\t\t\t<sr7-slide id=\"SR7_19_1-100\" data-key=\"100\">\n\t\t\t\t\t\t\t<sr7-txt id=\"SR7_19_1-100-4\" class=\"sr7-layer\">koulutus kuntoon<\/sr7-txt>\n\t\t\t\t\t\t<\/sr7-slide>\n\t\t\t\t\t\t<sr7-slide id=\"SR7_19_1-101\" data-key=\"101\">\n\t\t\t\t\t\t\t<sr7-txt id=\"SR7_19_1-101-4\" class=\"sr7-layer\"> TALOUS KUNTOON -<br \/>\nedunvalvontaa ja tukia<br \/>\n<\/sr7-txt>\n\t\t\t\t\t\t<\/sr7-slide>\n\t\t\t\t\t\t<sr7-slide id=\"SR7_19_1-106\" data-key=\"106\">\n\t\t\t\t\t\t\t<sr7-txt id=\"SR7_19_1-106-4\" class=\"sr7-layer\">KOTISEUTU PARANTUU <br \/>\nKUN EI OTETA TURHIA TAAKKOJA<\/sr7-txt>\n\t\t\t\t\t\t<\/sr7-slide>\n\t\t\t\t\t\t<sr7-slide id=\"SR7_19_1-104\" data-key=\"104\">\n\t\t\t\t\t\t\t<sr7-txt id=\"SR7_19_1-104-4\" class=\"sr7-layer\">VIIHTYIS\u00c4 JA TURVALLINEN<br \/>\nYMP\u00c4RIST\u00d6 TAKAISIN<\/sr7-txt>\n\t\t\t\t\t\t<\/sr7-slide>\n\t\t\t\t\t\t<sr7-slide id=\"SR7_19_1-97\" data-key=\"97\">\n\t\t\t\t\t\t\t<sr7-txt id=\"SR7_19_1-97-4\" class=\"sr7-layer\">J\u00c4RKEV\u00c4\u00c4 LUONNONSUOJELUA<br \/>\n<\/sr7-txt>\n\t\t\t\t\t\t<\/sr7-slide>\n\t\t\t\t\t\t<sr7-slide id=\"SR7_19_1-105\" data-key=\"105\">\n\t\t\t\t\t\t\t<sr7-txt id=\"SR7_19_1-105-4\" class=\"sr7-layer\">TOLKKUA  LIIKENNE-, SUOJELU- <br \/>\nJA V\u00c4EST\u00d6PROJEKTEIHIN<\/sr7-txt>\n\t\t\t\t\t\t<\/sr7-slide>\n\t\t\t\t\t\t<sr7-slide id=\"SR7_19_1-102\" data-key=\"102\">\n\t\t\t\t\t\t\t<sr7-txt id=\"SR7_19_1-102-4\" class=\"sr7-layer\">TOIMIVA JA ESTEET\u00d6N KAUPUNKI <\/sr7-txt>\n\t\t\t\t\t\t<\/sr7-slide>\n\t\t\t\t\t\t<sr7-slide id=\"SR7_19_1-109\" data-key=\"109\">\n\t\t\t\t\t\t<\/sr7-slide>\n\t\t\t\t\t<\/sr7-content>\n\t\t\t\t<\/sr7-module>\n\t\t\t\t<script>\n\t\t\t\t\twindow.SR7 ??={};SR7.PMH ??={}; SR7.PMH[\"SR7_19_1\"] = {cn:100,state:false,fn: function() { if (window._tpt!==undefined && window._tpt.prepareModuleHeight !== undefined) {  _tpt.prepareModuleHeight({id:\"SR7_19_1\",el:[100,100,100,75,68],type:'standard',shdw:'0',gh:[100,100,100,75,68],gw:[990,990,990,750,480],vpt:['-200px&#039;,&#039;-200px&#039;,&#039;-200px&#039;,&#039;-200px&#039;,&#039;-200px'],size:{fullWidth:false, fullHeight:false},mh:'0',onh:0,onw:0,bg:{color:'{\"orig\":\"transparent\",\"type\":\"solid\",\"string\":\"transparent\"}'},googleFont:\"ignore\"});   SR7.PMH[\"SR7_19_1\"].state=true;} else if(SR7.PMH[\"SR7_19_1\"].cn-->0)\tsetTimeout( SR7.PMH[\"SR7_19_1\"].fn,19);}};SR7.PMH[\"SR7_19_1\" ].fn();\n\t\t\t\t<\/script>\n<\/div>\n<\/div>\n<\/section>\n\n\n\n<div class=\"wp-block-uagb-container uagb-block-07277c3f alignfull uagb-is-root-container\"><div class=\"uagb-container-inner-blocks-wrap\">\n<div class=\"wp-block-uagb-container uagb-block-ad15710b\">\n<section class=\"wp-block-uagb-columns uagb-columns__wrap uagb-columns__background-color uagb-columns__stack-mobile uagb-columns__valign- uagb-columns__gap-0 alignfull uagb-block-8a2a3e5d uagb-columns__columns-2 uagb-columns__max_width-theme\"><div class=\"uagb-columns__overlay\"><\/div><div class=\"uagb-columns__inner-wrap uagb-columns__columns-2\">\n<div class=\"wp-block-uagb-column uagb-column__wrap uagb-column__background-undefined uagb-block-5632354c\"><div class=\"uagb-column__overlay\"><\/div>\n<h1 class=\"wp-block-heading has-text-align-left has-text-color\" style=\"color:#fff300\"><strong><mark style=\"background-color:rgba(0, 0, 0, 0);color:#fff300\" class=\"has-inline-color\">TAVOITTEITANI<\/mark><\/strong><\/h1>\n\n\n\n<p class=\"has-text-align-left has-text-color wp-block-paragraph\" style=\"color:#fff300;font-size:1.2em\"><strong>\u2780<\/strong> <strong>SINUN ASIALLASI<\/strong><\/p>\n\n\n\n<p class=\"has-text-align-left has-ast-global-color-5-color has-text-color wp-block-paragraph\" style=\"font-size:1.2em\">\u27a4 Valvotaan rahoja ja toimintaa <br>\u27a4 Etujesi valvontaa<strong><br><\/strong>\u27a4 J\u00e4rkevi\u00e4 p\u00e4\u00e4t\u00f6ksi\u00e4 <br>\u27a4 Omat liiat veromiljoonat takaisin valtiolta. Niill\u00e4 palvelut. Ei verokorotuksia.<\/p>\n\n\n\n<p class=\"has-text-color has-link-color wp-elements-2f37dc5737d20af95eae953078aff6ac wp-block-paragraph\" style=\"color:#fff300;font-size:1.3em\"><strong>TAVOITTEET KUNNASSA:<\/strong><\/p>\n\n\n\n<p class=\"has-text-align-left has-text-color wp-block-paragraph\" style=\"color:#fff300;font-size:1.2em\"><strong>\u2781 SUOMI ELINVOIMAISEKSI<\/strong><\/p>\n\n\n\n<p class=\"has-text-align-left has-ast-global-color-5-color has-text-color wp-block-paragraph\" style=\"font-size:1.2em\">\u27a4 Koulut ja aikuisopiskelu kuntoon<br>\u27a4 Ty\u00f6paikka- ja yritysyst\u00e4v\u00e4llinen kaupunki<br>\u27a4 Toimiva ja mukava kaupunki<br>\u27a4 Kuunnellaan asukkaita<br>\u27a4 J\u00e4rkev\u00e4\u00e4 luonnonsuojelua<br>\u27a4 Sivistys, vapaa-aika, liikunta<br>\u27a4 Hy\u00f6tyj\u00e4 kansainv\u00e4lisyydest\u00e4, EU-tuet<br>\u27a4 Ennakoiva turvallisuus<\/p>\n\n\n\n<p class=\"has-text-color has-link-color wp-elements-aa91673c0b06f4b7da2ccc94a31bb222 wp-block-paragraph\" style=\"color:#fff300;font-size:1.2em\"><strong><strong>\u2782<\/strong> PALVELUT KUNTOON<\/strong><\/p>\n\n\n\n<p class=\"has-white-color has-text-color has-link-color wp-elements-86c1b6556ea6941c1018beca2cf7b509 wp-block-paragraph\" style=\"font-size:1.2em\">\u27a4 Ei oteta ylim\u00e4\u00e4r\u00e4isi\u00e4 taakkoja<br>\u27a4 Omat veromiljoonat takaisin valtiolta, 200 milj.\u20ac menee muualle<br>\u27a4 Peruspalvelut ensin<br>\u27a4 Palvelut kuntoon<br>\u27a4 Vaaditaan asiakkaana sotea kuntoon<br>\u27a4 Hiilitase ja maksut ja laskelmien k\u00e4ytt\u00f6kelpoisuus pit\u00e4\u00e4 tarkistaa.<\/p>\n\n\n\n<p class=\"has-text-color has-link-color wp-elements-e2e506a25e0bcc7f41250f4d6fe463e8 wp-block-paragraph\" style=\"color:#fff300;font-size:1.3em\"> <strong>TAVOITTEET ALUEELLA:<\/strong><\/p>\n\n\n\n<p class=\"has-ast-global-color-5-color has-text-color has-link-color wp-elements-f4948db12a205cd9dd09a7e735886ccb wp-block-paragraph\" style=\"font-size:1.1em\">\u25cf Halusin parantaa alueen, hyvinvointialueen asioita. Jonoon p\u00e4\u00e4sykin on vaikeaa.<br>\u25cf Nyt puuttuu rahaa palveluista ja pit\u00e4isi johtaa paremmin. Satoja miljoonia alueen verorahoja menee muualle ja muuhun. Uudenmaan BKT on 40% Suomesta.<\/p>\n\n\n\n<p class=\"has-text-color has-link-color wp-elements-aa91673c0b06f4b7da2ccc94a31bb222 wp-block-paragraph\" style=\"color:#fff300;font-size:1.2em\"><strong><strong>\u2782<\/strong> PALVELUT KUNTOON<\/strong><\/p>\n\n\n\n<p class=\"has-ast-global-color-5-color has-text-color has-link-color wp-elements-245326b340dcf4d5ba31416d7bdaea56 wp-block-paragraph\" style=\"font-size:1.2em\">\u27a4 Sote kuntoon<br>\u27a4 Peruspalvelut ensin<br>\u27a4 Omat rahat takaisin valtiolta<br>\u27a4 Peruspalvelut l\u00e4hell\u00e4. Erikoispalvelut parhaassa paikassa<br>\u27a4 My\u00f6s osa-aikaisia ja liikkuvia l\u00e4hipalveluita ja ennaltaehk\u00e4isy\u00e4 ja opastusta<br>\u27a4 Tehokkaita et\u00e4palveluita ja neuvontaa<br>\u27a4 T\u00e4rkeint\u00e4 on saada asiallinen hoito valmiiksi eik\u00e4 toistuvia jonotusaikoja<br>\u27a4 Tekniikka ja v\u00e4lineet tehostavat toimintaa. Ty\u00f6 on kallista ja rajallista<\/p>\n<\/div>\n\n\n\n<div class=\"wp-block-uagb-column uagb-column__wrap uagb-column__background-undefined uagb-block-3bbb6056\"><div class=\"uagb-column__overlay\"><\/div>\n<figure class=\"wp-block-image aligncenter size-full has-custom-border\" style=\"margin-right:2px;margin-left:2px\"><img loading=\"lazy\" decoding=\"async\" width=\"533\" height=\"400\" src=\"data:image\/gif;base64,R0lGODlhAQABAAAAACH5BAEKAAEALAAAAAABAAEAAAICTAEAOw==\" alt=\"\" class=\"wp-image-11998 lazyload\" style=\"border-style:none;border-width:0px;border-radius:10px;object-fit:cover\" sizes=\"auto, (max-width: 533px) 100vw, 533px\" data-src=\"https:\/\/kanerva.eu\/fi\/wp-content\/uploads\/DSC00688-577.webp\" data-srcset=\"https:\/\/kanerva.eu\/fi\/wp-content\/uploads\/DSC00688-577.webp 533w, https:\/\/kanerva.eu\/fi\/wp-content\/uploads\/DSC00688-577-300x225.webp 300w\"><\/figure>\n\n\n\n<p class=\"has-text-align-center has-ast-global-color-5-color has-text-color has-link-color wp-elements-942f80cb75d469b35746b0b52334d5d8 wp-block-paragraph\">Virallisella vierailulla EU parlamentissa ja <br>yksik\u00f6iss\u00e4  Strasbourgissa<\/p>\n<\/div>\n<\/div><\/section>\n\n\n\n<section class=\"wp-block-uagb-columns uagb-columns__wrap uagb-columns__background-color uagb-columns__stack-mobile uagb-columns__valign- uagb-columns__gap-0 alignfull uagb-block-0b51ec6f uagb-columns__columns-2 uagb-columns__max_width-theme uag-hide-desktop uag-hide-tab uag-hide-mob\"><div class=\"uagb-columns__overlay\"><\/div><div class=\"uagb-columns__inner-wrap uagb-columns__columns-2\">\n<div class=\"wp-block-uagb-column uagb-column__wrap uagb-column__background-undefined uagb-block-f543c0d9\"><div class=\"uagb-column__overlay\"><\/div>\n<div class=\"wp-block-buttons is-layout-flex wp-block-buttons-is-layout-flex\"><\/div>\n<\/div>\n\n\n\n<div class=\"wp-block-uagb-column uagb-column__wrap uagb-column__background-undefined uagb-block-5efa5491\"><div class=\"uagb-column__overlay\"><\/div>\n<div class=\"wp-block-buttons is-content-justification-right is-layout-flex wp-container-core-buttons-is-layout-91642f38 wp-block-buttons-is-layout-flex\" style=\"margin-top:0;margin-bottom:0;padding-top:0;padding-bottom:0\"><\/div>\n<\/div>\n<\/div><\/section>\n\n\n\n<section class=\"wp-block-uagb-columns uagb-columns__wrap uagb-columns__background-color uagb-columns__stack-mobile uagb-columns__valign- uagb-columns__gap-0 alignfull uagb-block-f5e938b3 uagb-columns__columns-2 uagb-columns__max_width-theme uag-hide-desktop uag-hide-tab uag-hide-mob\"><div class=\"uagb-columns__overlay\"><\/div><div class=\"uagb-columns__inner-wrap uagb-columns__columns-2\">\n<div class=\"wp-block-uagb-column uagb-column__wrap uagb-column__background-undefined uagb-block-00773115\"><div class=\"uagb-column__overlay\"><\/div>\n<div class=\"wp-block-buttons is-layout-flex wp-block-buttons-is-layout-flex\" style=\"margin-top:0;margin-bottom:0;padding-top:0;padding-bottom:0\"><\/div>\n<\/div>\n\n\n\n<div class=\"wp-block-uagb-column uagb-column__wrap uagb-column__background-undefined uagb-block-1dbb216d uag-hide-desktop uag-hide-tab uag-hide-mob\"><div class=\"uagb-column__overlay\"><\/div>\n<div class=\"wp-block-buttons is-content-justification-right is-layout-flex wp-container-core-buttons-is-layout-b507c051 wp-block-buttons-is-layout-flex\">\n<div class=\"wp-block-button\"><a class=\"wp-block-button__link wp-element-button\" href=\"https:\/\/www.facebook.com\/jarmo.kanerva.3\" target=\"_blank\" rel=\"noreferrer noopener\"><strong>Facebook Oma<\/strong><\/a><\/div>\n<\/div>\n<\/div>\n<\/div><\/section>\n<\/div>\n<\/div><\/div>\n\n\n\n<section class=\"wp-block-uagb-columns uagb-columns__wrap uagb-columns__background-color uagb-columns__stack-mobile uagb-columns__valign- uagb-columns__gap-0 alignfull uagb-block-14f2f292 uagb-columns__columns-1 uagb-columns__max_width-theme\"><div class=\"uagb-columns__overlay\"><\/div><div class=\"uagb-columns__inner-wrap uagb-columns__columns-1\">\n<div class=\"wp-block-uagb-column uagb-column__wrap uagb-column__background-undefined uagb-block-75fbccef\"><div class=\"uagb-column__overlay\"><\/div>\n<h2 class=\"wp-block-heading has-text-align-left has-ast-global-color-5-color has-text-color\"><strong><mark style=\"background-color:rgba(0, 0, 0, 0);color:#fff300\" class=\"has-inline-color\">JARMO KANERVA<\/mark><\/strong><\/h2>\n\n\n\n<p class=\"has-ast-global-color-5-color has-text-color has-link-color wp-elements-bd1d4fba04500d228c01c66ee53f5ac5 wp-block-paragraph\" style=\"font-size:1.1em\">Toimin valtuustossa Espoon perussuomaiset valtuustoryhm\u00e4ss\u00e4 (2017-2021,2021-2025) ja varavaltuutettuna, Espoon Tarkastuslautakunnassa j\u00e4senen\u00e4 (2017\u21922025) ja Hyvinvoiva Espoo kehitysohjelmassa (2021\u21922025), eli sote-asioissa. Espoon taidemuseon s\u00e4\u00e4ti\u00f6n hallitusty\u00f6ss\u00e4 toimin 8 v. Espoon PS:n j\u00e4senen\u00e4 olin 12 v eri teht\u00e4viss\u00e4 ja hallituksissa, l\u00e4pi poliittisten myrskyjen. <br><br>Toimintani Tarkastuslautakunnassa on antanut erinomainen kokonaiskuvan 8 vuodessa kunnista, julkisesta toiminnasta ja kustannuksista. Ty\u00f6ss\u00e4 on valvottu kaikkia yksik\u00f6it\u00e4. On etsitty ep\u00e4poliittisesti ep\u00e4kohtia, riskej\u00e4 ja on ehdotettu parannuksia, jotka valtuusto joutui k\u00e4ym\u00e4\u00e4n l\u00e4pi. Esim. esteett\u00f6myys, koulut, turvallisuus. Yhteistoimintani sujuu hyvin muiden p\u00e4\u00e4tt\u00e4jien kanssa, kuten eri puolueet, viranhaltijat, hyvinvointialue, eduskunta ja EU:kin. <br><br>Valtuustossa olen mukana valtuustoryhm\u00e4n p\u00e4\u00e4t\u00f6ksiss\u00e4, joilla on vaikutusta, mm. palvelut, projektit, talout, kaavoitus ja henkil\u00f6valinnot. Hyvinvoiva Espoo Kehitysohjelma kehitt\u00e4\u00e4 kunnan omia hyvinvointipalveluita mm. projekteja kouluissa, oppaita, tapahtumia, ik\u00e4ihmisille, asukasyhdistyksille, vammaisille, kotiuttamiseen.<br><br>T\u00f6iss\u00e4 olen pitk\u00e4n linjan yritt\u00e4j\u00e4. Tuttua on tuotekehitys, innovointi, markkinointi, liikkeenjohto ja taloushallinta ja kansainv\u00e4linen yhteisty\u00f6. Aloina on tietoliikenne- ja informaatioteknologia ICT ja rakentaminen. Harrasteena veneily, autot, valokuvaus ja politiikka. ICT-alasta; elektroniikka, ohjelmointi, verkot, www ym. tuli jo 40 vuodessa ammatti. <br><br><br>Politiikassa: &#x2709; jj@kanerva.eu \/ &#x260e;  \/ www.kanerva.eu <br><br>Blogeissa on paljon lis\u00e4\u00e4.<\/p>\n\n\n\n<section class=\"wp-block-uagb-columns uagb-columns__wrap uagb-columns__background-none uagb-columns__stack-mobile uagb-columns__valign-top uagb-columns__gap-10 align uagb-block-48638e80 uagb-columns__columns-2 uagb-columns__max_width-theme\"><div class=\"uagb-columns__overlay\"><\/div><div class=\"uagb-columns__inner-wrap uagb-columns__columns-2\">\n<div class=\"wp-block-uagb-column uagb-column__wrap uagb-column__background-undefined uagb-block-53cab8b5\"><div class=\"uagb-column__overlay\"><\/div>\n<div class=\"wp-block-buttons is-layout-flex wp-block-buttons-is-layout-flex\">\n<div class=\"wp-block-button\"><a class=\"wp-block-button__link wp-element-button\" href=\"https:\/\/kanerva.eu\/fi\/category\/blogi-etusivu\/\" target=\"_blank\" rel=\"noreferrer noopener\"><strong>Blogit<\/strong><\/a><\/div>\n<\/div>\n<\/div>\n\n\n\n<div class=\"wp-block-uagb-column uagb-column__wrap uagb-column__background-undefined uagb-block-6e4d2da2\"><div class=\"uagb-column__overlay\"><\/div>\n<div class=\"wp-block-buttons is-content-justification-right is-layout-flex wp-container-core-buttons-is-layout-b507c051 wp-block-buttons-is-layout-flex\">\n<div class=\"wp-block-button\"><a class=\"wp-block-button__link wp-element-button\" href=\"https:\/\/www.facebook.com\/jarmo.kanerva.3\" target=\"_blank\" rel=\"noreferrer noopener\"><strong>Facebook Oma<\/strong><\/a><\/div>\n<\/div>\n<\/div>\n<\/div><\/section>\n<\/div>\n<\/div><\/section>\n\n\n\n<section class=\"wp-block-uagb-columns uagb-columns__wrap uagb-columns__background-color uagb-columns__stack-mobile uagb-columns__valign- uagb-columns__gap-0 alignfull uagb-block-3f8e8810 uagb-columns__columns-1 uagb-columns__max_width-theme\"><div class=\"uagb-columns__overlay\"><\/div><div class=\"uagb-columns__inner-wrap uagb-columns__columns-1\">\n<div class=\"wp-block-uagb-column uagb-column__wrap uagb-column__background-undefined uagb-block-ba577fbe\"><div class=\"uagb-column__overlay\"><\/div>\n<h2 class=\"wp-block-heading has-text-align-left has-ast-global-color-5-color has-text-color\"><strong><mark style=\"background-color:rgba(0, 0, 0, 0);color:#fff300\" class=\"has-inline-color\">JARMO KANERVA<\/mark><\/strong><\/h2>\n\n\n\n<p class=\"has-ast-global-color-5-color has-text-color has-link-color wp-elements-a9683e3928198615ccd544a3d2b11e20 wp-block-paragraph\" style=\"font-size:1.1em\"><strong>Ajan sinun asioitasi. <strong> Tasapuolisesti.<\/strong><\/strong> <strong>Vauvasta vaariin. Hiljaisesta meluisaan. <\/strong><br><br><strong>Olen monipuolinen diplomi-insin\u00f6\u00f6ri.<\/strong> <br>-Kunnan kaikki toiminta on tuttua  Espoon tarkastustoiminnastani ja valtuustoryhm\u00e4n neuvotteluiden kautta. Takana on 12 v kokemus politiikasta, henkil\u00f6suhteet, koulutus ja yli 25 v ty\u00f6kokemus. Yhteydet on my\u00f6s eduskuntaan ja EU:n. P\u00e4\u00e4alani ovat informatiotekniikka, talousasiat, rakentaminen ja nyt kaiken julkisen toiminnan tunteminen. <br><br><strong>Tavoitteenani on saada mukava, edullinen ja tehokas kotiseutu kaikille.<\/strong> <br><br><strong>Julkista rahaa pit\u00e4\u00e4 saada lis\u00e4\u00e4  ja priorisoida perusasioihin<\/strong>. <br>-Tarvitut verorahat pit\u00e4\u00e4 takaisin valtionosuuksina. Espoosta ja L\u00e4nsiuudeltamaalta  on viety muualle yli 10 mrd 10 vuodessa. Siksi rahaa pihistell\u00e4\u00e4n palveluista. Rahaa saisi lis\u00e4\u00e4 edunvalvonnalla, hyvilt\u00e4 yrityksilt\u00e4 ja veronmaksajilta, joita on ymm\u00e4rrett\u00e4v\u00e4 ja EU:sta. <br><br><strong>Luontoa, ilmastoa ja kohteita pit\u00e4\u00e4 suojella, mutta j\u00e4rkev\u00e4sti ja kohtuullisesti.<\/strong> <br>-V\u00e4lj\u00e4ss\u00e4 kaupungissa on luontoa, mukavaa, kaikki toimii ja hiilijalkakin on pienempi. Tarvitaan py\u00f6r\u00e4t, autot ja julkiset. My\u00f6s kest\u00e4v\u00e4 talous ja halpa ja varma energia ovat kest\u00e4v\u00e4\u00e4 kehityst\u00e4. Tarvittavia yrityksia, ihmisi\u00e4, voimaloita. Autoja ei saa vihata ja karkottaa. Varmaa ja halpaa s\u00e4hk\u00f6\u00e4 tarvitaan toimivaan ja vahvaan yhteiskuntaan. Ilman sit\u00e4 ei tule datakeskuksia, joilla on tarkoitus l\u00e4mmitt\u00e4\u00e4 taloja ja pienent\u00e4\u00e4 hiilen kulutusta.<br><br><strong>V\u00e4est\u00f6- ja ty\u00f6paikkakehityst\u00e4 ohjataan vetovoimalla; kaavoituksella, rakennuksilla ja valinnoilla.<\/strong> <br>Tuottavia ty\u00f6paikkoja pit\u00e4\u00e4 innovoida ja auttaa pieni\u00e4 yrityksi\u00e4 siin\u00e4. Ty\u00f6tt\u00f6myys on yli 10%, eik\u00e4 heille ole ty\u00f6paikkoja.<br>-Espoo on muuttunut tihe\u00e4ksi vuokraajien kerrostalokeskittym\u00e4ksi. Yli 75% uusista asukkaista ei k\u00e4y normaaleissa t\u00f6iss\u00e4. T\u00e4m\u00e4 ohjaamaton kasvu lis\u00e4\u00e4 kuluja ja hiilijalkaa, jotka pit\u00e4\u00e4 kattaa. <br><br><strong>Kaikkien osaamista, turvallisuutta ja toimintaymp\u00e4rist\u00f6\u00e4 pit\u00e4\u00e4 parantaa.<\/strong> <br>-Koululaisille on saatava ty\u00f6rauha ja arvostelu objektiiviseksi, eik\u00e4 turhia opintoja. <br>-Jatkuva oppiminen kuuluu my\u00f6s aikuisille.<br>-Turvallisuus pit\u00e4\u00e4 taata joka paikassa ja aina.<br>-Reservil\u00e4isille ja pelastajille pit\u00e4\u00e4 antaa mahdollisuus yll\u00e4pit\u00e4\u00e4 oppejaan mm. radoilla, ensiapu, j\u00e4ljestys <br>-Uhkiin pit\u00e4\u00e4 puuttua ja varautua etuk\u00e4teen, eik\u00e4 hyssytell\u00e4. Osa uhkista on ulkomailta ohjattua, osa naiviutta. Ry\u00f6stely ja v\u00e4kivalta on kohonnut vuosikymmeness\u00e4. Pyysin jo tarkistamaan v\u00e4est\u00f6suojat, kommunikaation, epidemioihin varautumisen, huomautin itse aiheutetuista tulvista ja huonosta energiavarmuudesta. Varavoimaa on purettu liikaa eik\u00e4 kotimaista voi k\u00e4ytt\u00e4\u00e4. <br> <br><strong>Kuntalaiset ovat sote-alueen asiakkaita. Heille pit\u00e4\u00e4 tarjota asiallisesti mit\u00e4 kysyt\u00e4\u00e4n ja tarvitaan.<\/strong> <br>-Nyt irtisanotaan potilaat ja fuskataan. Sote-aluetta pit\u00e4\u00e4 hoitaa paremmin. Sote-asioita voidaan tehostaa mm. nopealla ICT:ll\u00e4, osaavilla johtajilla ja v\u00e4lineill\u00e4, tutulla l\u00e4\u00e4k\u00e4rill\u00e4.<br>-Ostopalveluja tarvitaan, jos ei itse ehdit\u00e4. Jonot ei lis\u00e4\u00e4 hoitoja, mutta pahentavat asioita. Toimiva ict ja et\u00e4hoito tehostaa.<br><br><strong>Suomi ja kotiseutu pit\u00e4\u00e4 saada takaisin elinvoimaiseksi.<\/strong> <br>-Asiat pit\u00e4\u00e4 hoitaa j\u00e4rjell\u00e4 ja syd\u00e4mell\u00e4kin. Arvostan j\u00e4rkev\u00e4\u00e4 ja rakentavaa tekemist\u00e4. Ongelmien sensurointi, juonittelu ja turhat turhaa puheet eiv\u00e4t auta. <br>-Asiat ovat monesti monimutkaisia, mik\u00e4 vaati enemm\u00e4n osaamista kuin poliittinen n\u00e4ytteleminen ja puheet. Monesti ahkerat puurtajat tekev\u00e4t leijonan osan onnistuneista t\u00f6ist\u00e4 ja p\u00e4\u00e4t\u00f6ksist\u00e4 ja heid\u00e4n \u00e4\u00e4nens\u00e4 t\u00e4ytyy vaikuttaa demokratiassa.<br><\/p>\n<\/div>\n<\/div><\/section>\n\n\n\n<section class=\"wp-block-uagb-container uagb-block-61213eb7 alignfull uagb-is-root-container\">\n<div class=\"wp-block-uagb-container uagb-block-f31eff68\">\n<h2 class=\"wp-block-heading has-text-color has-link-color wp-elements-0de072c277cb884eccc4cf258909d847\" style=\"color:#fff300\"><strong>BLOGEJA JA UUTISIA<\/strong><\/h2>\n\n\n\n<div class=\"wp-block-query is-content-justification-left is-layout-constrained wp-container-core-query-is-layout-d0fa141f wp-block-query-is-layout-constrained\"><ul style=\"line-height:1;\" class=\"has-link-color columns-2 wp-elements-bb4ff2f4cf230140b6887cbee6e1d3a9 wp-block-post-template has-text-color has-ast-global-color-8-color is-layout-grid wp-container-core-post-template-is-layout-6a336951 wp-block-post-template-is-layout-grid\"><li class=\"wp-block-post post-11931 post type-post status-publish format-standard has-post-thumbnail hentry category-blogi category-blogi-etusivu\">\n<h1 style=\"font-size:19px;line-height:1; padding-top:0px;padding-bottom:0px;padding-left:2px;padding-right:2px;margin-left:2px;margin-right:2px;margin-top:2px;margin-bottom:2px;\" class=\"wp-elements-71a44b53950337ba0309658501bcabb5 wp-block-post-title has-background has-white-background-color wp-elements-bb4ff2f4cf230140b6887cbee6e1d3a9\"><a href=\"https:\/\/kanerva.eu\/fi\/11931\/espoonlahden-kehityksesta-2025\/\" target=\"_blank\">Espoonlahden kehityksest\u00e4 2025-<\/a><\/h1>\n\n<div style=\"font-size:18px;line-height:1; padding-top:1px;padding-bottom:1px;padding-left:var(--wp--preset--spacing--20);padding-right:var(--wp--preset--spacing--20);margin-top:1px;margin-bottom:1px;margin-left:1px;margin-right:1px;\" class=\"has-link-color wp-elements-74069899d19d545177d900cf3b4a1fed wp-block-post-date has-text-color has-ast-global-color-1-color has-background has-ast-global-color-5-background-color\"><time datetime=\"2025-04-04T02:28:53+03:00\">2025-04-04<\/time><\/div>\n<\/li><li class=\"wp-block-post post-11920 post type-post status-publish format-standard has-post-thumbnail hentry category-aluevaalit category-blogi category-blogi-etusivu category-suomi category-talous\">\n<h1 style=\"font-size:19px;line-height:1; padding-top:0px;padding-bottom:0px;padding-left:2px;padding-right:2px;margin-left:2px;margin-right:2px;margin-top:2px;margin-bottom:2px;\" class=\"wp-elements-71a44b53950337ba0309658501bcabb5 wp-block-post-title has-background has-white-background-color wp-elements-bb4ff2f4cf230140b6887cbee6e1d3a9\"><a href=\"https:\/\/kanerva.eu\/fi\/11920\/espoo-ja-suomi-ylos-lamasta-ja-toihin\/\" target=\"_blank\">Espoo ja Suomi yl\u00f6s lamasta ja t\u00f6ihin<\/a><\/h1>\n\n<div style=\"font-size:18px;line-height:1; padding-top:1px;padding-bottom:1px;padding-left:var(--wp--preset--spacing--20);padding-right:var(--wp--preset--spacing--20);margin-top:1px;margin-bottom:1px;margin-left:1px;margin-right:1px;\" class=\"has-link-color wp-elements-74069899d19d545177d900cf3b4a1fed wp-block-post-date has-text-color has-ast-global-color-1-color has-background has-ast-global-color-5-background-color\"><time datetime=\"2025-04-03T21:00:34+03:00\">2025-04-03<\/time><\/div>\n<\/li><li class=\"wp-block-post post-11809 post type-post status-publish format-standard has-post-thumbnail hentry category-blogi category-blogi-etusivu category-uutiset category-uutiset-etusivu category-vaalit tag-jarmo-kanerva tag-espoo tag-perussuomalaiset\">\n<h1 style=\"font-size:19px;line-height:1; padding-top:0px;padding-bottom:0px;padding-left:2px;padding-right:2px;margin-left:2px;margin-right:2px;margin-top:2px;margin-bottom:2px;\" class=\"wp-elements-71a44b53950337ba0309658501bcabb5 wp-block-post-title has-background has-white-background-color wp-elements-bb4ff2f4cf230140b6887cbee6e1d3a9\"><a href=\"https:\/\/kanerva.eu\/fi\/11809\/jarmo-kanerva-vaalisivu-2025\/\" target=\"_blank\">Jarmo Kanerva &#8211; Vaalisivu &#8211; 2025<\/a><\/h1>\n\n<div style=\"font-size:18px;line-height:1; padding-top:1px;padding-bottom:1px;padding-left:var(--wp--preset--spacing--20);padding-right:var(--wp--preset--spacing--20);margin-top:1px;margin-bottom:1px;margin-left:1px;margin-right:1px;\" class=\"has-link-color wp-elements-74069899d19d545177d900cf3b4a1fed wp-block-post-date has-text-color has-ast-global-color-1-color has-background has-ast-global-color-5-background-color\"><time datetime=\"2025-03-16T12:41:14+02:00\">2025-03-16<\/time><\/div>\n<\/li><li class=\"wp-block-post post-2477 post type-post status-publish format-standard has-post-thumbnail hentry category-eu category-blogi category-blogi-etusivu category-suomi category-teknologia category-tiede tag-hiilinielu tag-hiilitase tag-laskutapa tag-vaara\">\n<h1 style=\"font-size:19px;line-height:1; padding-top:0px;padding-bottom:0px;padding-left:2px;padding-right:2px;margin-left:2px;margin-right:2px;margin-top:2px;margin-bottom:2px;\" class=\"wp-elements-71a44b53950337ba0309658501bcabb5 wp-block-post-title has-background has-white-background-color wp-elements-bb4ff2f4cf230140b6887cbee6e1d3a9\"><a href=\"https:\/\/kanerva.eu\/fi\/2477\/suomen-hiilitase-lasketaan-vaarin\/\" target=\"_blank\">Suomen hiilitase lasketaan v\u00e4\u00e4rin (2021)<\/a><\/h1>\n\n<div style=\"font-size:18px;line-height:1; padding-top:1px;padding-bottom:1px;padding-left:var(--wp--preset--spacing--20);padding-right:var(--wp--preset--spacing--20);margin-top:1px;margin-bottom:1px;margin-left:1px;margin-right:1px;\" class=\"has-link-color wp-elements-74069899d19d545177d900cf3b4a1fed wp-block-post-date has-text-color has-ast-global-color-1-color has-background has-ast-global-color-5-background-color\"><time datetime=\"2025-01-07T23:09:00+02:00\">2025-01-07<\/time><\/div>\n<\/li><li class=\"wp-block-post post-11402 post type-post status-publish format-standard has-post-thumbnail hentry category-uutiset category-uutiset-etusivu\">\n<h1 style=\"font-size:19px;line-height:1; padding-top:0px;padding-bottom:0px;padding-left:2px;padding-right:2px;margin-left:2px;margin-right:2px;margin-top:2px;margin-bottom:2px;\" class=\"wp-elements-71a44b53950337ba0309658501bcabb5 wp-block-post-title has-background has-white-background-color wp-elements-bb4ff2f4cf230140b6887cbee6e1d3a9\"><a href=\"https:\/\/kanerva.eu\/fi\/11402\/parempaa-uuttavuotta-2025\/\" target=\"_blank\">Parempaa uuttavuotta 2025<\/a><\/h1>\n\n<div style=\"font-size:18px;line-height:1; padding-top:1px;padding-bottom:1px;padding-left:var(--wp--preset--spacing--20);padding-right:var(--wp--preset--spacing--20);margin-top:1px;margin-bottom:1px;margin-left:1px;margin-right:1px;\" class=\"has-link-color wp-elements-74069899d19d545177d900cf3b4a1fed wp-block-post-date has-text-color has-ast-global-color-1-color has-background has-ast-global-color-5-background-color\"><time datetime=\"2025-01-01T02:31:54+02:00\">2025-01-01<\/time><\/div>\n<\/li><li class=\"wp-block-post post-10127 post type-post status-publish format-standard has-post-thumbnail hentry category-blogi category-blogi-etusivu category-uutiset category-uutiset-etusivu tag-espoo tag-482 tag-arviointikertomus\">\n<h1 style=\"font-size:19px;line-height:1; padding-top:0px;padding-bottom:0px;padding-left:2px;padding-right:2px;margin-left:2px;margin-right:2px;margin-top:2px;margin-bottom:2px;\" class=\"wp-elements-71a44b53950337ba0309658501bcabb5 wp-block-post-title has-background has-white-background-color wp-elements-bb4ff2f4cf230140b6887cbee6e1d3a9\"><a href=\"https:\/\/kanerva.eu\/fi\/10127\/espoon-arviointikertomus-v-2023\/\" target=\"_blank\">Espoon Arviointikertomus v.2023<\/a><\/h1>\n\n<div style=\"font-size:18px;line-height:1; padding-top:1px;padding-bottom:1px;padding-left:var(--wp--preset--spacing--20);padding-right:var(--wp--preset--spacing--20);margin-top:1px;margin-bottom:1px;margin-left:1px;margin-right:1px;\" class=\"has-link-color wp-elements-74069899d19d545177d900cf3b4a1fed wp-block-post-date has-text-color has-ast-global-color-1-color has-background has-ast-global-color-5-background-color\"><time datetime=\"2025-01-01T02:31:00+02:00\">2025-01-01<\/time><\/div>\n<\/li><li class=\"wp-block-post post-11177 post type-post status-publish format-standard has-post-thumbnail hentry category-blogi category-blogi-etusivu category-rakentaminen category-uutiset category-uutiset-etusivu tag-espoo tag-kaavoitus\">\n<h1 style=\"font-size:19px;line-height:1; padding-top:0px;padding-bottom:0px;padding-left:2px;padding-right:2px;margin-left:2px;margin-right:2px;margin-top:2px;margin-bottom:2px;\" class=\"wp-elements-71a44b53950337ba0309658501bcabb5 wp-block-post-title has-background has-white-background-color wp-elements-bb4ff2f4cf230140b6887cbee6e1d3a9\"><a href=\"https:\/\/kanerva.eu\/fi\/11177\/espoon-ps-valtuustoryhma-tiedotustilaisuus-12-12-2024-1730-2000\/\" target=\"_blank\">Espoon PS valtuustoryhm\u00e4 Tiedotustilaisuus 12.12.2024 17:30-20:00<\/a><\/h1>\n\n<div style=\"font-size:18px;line-height:1; padding-top:1px;padding-bottom:1px;padding-left:var(--wp--preset--spacing--20);padding-right:var(--wp--preset--spacing--20);margin-top:1px;margin-bottom:1px;margin-left:1px;margin-right:1px;\" class=\"has-link-color wp-elements-74069899d19d545177d900cf3b4a1fed wp-block-post-date has-text-color has-ast-global-color-1-color has-background has-ast-global-color-5-background-color\"><time datetime=\"2024-12-12T12:08:05+02:00\">2024-12-12<\/time><\/div>\n<\/li><li class=\"wp-block-post post-11137 post type-post status-publish format-standard has-post-thumbnail hentry category-blogi category-blogi-etusivu category-espoo category-uutiset category-valtuusto\">\n<h1 style=\"font-size:19px;line-height:1; padding-top:0px;padding-bottom:0px;padding-left:2px;padding-right:2px;margin-left:2px;margin-right:2px;margin-top:2px;margin-bottom:2px;\" class=\"wp-elements-71a44b53950337ba0309658501bcabb5 wp-block-post-title has-background has-white-background-color wp-elements-bb4ff2f4cf230140b6887cbee6e1d3a9\"><a href=\"https:\/\/kanerva.eu\/fi\/11137\/ps-espoon-valtuustoryhma-hyvaksyi-2025-budjetin\/\" target=\"_blank\">PS Espoon valtuustoryhm\u00e4 hyv\u00e4ksyi Espoon talousarvio 2025 :n<\/a><\/h1>\n\n<div style=\"font-size:18px;line-height:1; padding-top:1px;padding-bottom:1px;padding-left:var(--wp--preset--spacing--20);padding-right:var(--wp--preset--spacing--20);margin-top:1px;margin-bottom:1px;margin-left:1px;margin-right:1px;\" class=\"has-link-color wp-elements-74069899d19d545177d900cf3b4a1fed wp-block-post-date has-text-color has-ast-global-color-1-color has-background has-ast-global-color-5-background-color\"><time datetime=\"2024-12-11T10:32:17+02:00\">2024-12-11<\/time><\/div>\n<\/li><\/ul>\n\n\n\n<\/div>\n\n\n\n<div class=\"wp-block-buttons is-layout-flex wp-container-core-buttons-is-layout-f2eca900 wp-block-buttons-is-layout-flex\" style=\"margin-top:5px;margin-bottom:5px\">\n<div class=\"wp-block-button\"><a class=\"wp-block-button__link wp-element-button\" href=\"https:\/\/kanerva.eu\/fi\/category\/blogi-etusivu\/\" target=\"_blank\" rel=\"noreferrer noopener\"><strong>Etusivun blogeja<\/strong><\/a><\/div>\n<\/div>\n\n\n\n<p class=\"wp-block-paragraph\">.<\/p>\n<\/div>\n<\/section>\n\n\n\n<section class=\"wp-block-uagb-columns uagb-columns__wrap uagb-columns__background-color uagb-columns__stack-mobile uagb-columns__valign- uagb-columns__gap-10 alignfull uagb-block-e4de0970 uagb-columns__columns-2 uagb-columns__max_width-theme\"><div class=\"uagb-columns__overlay\"><\/div><div class=\"uagb-columns__inner-wrap uagb-columns__columns-2\">\n<div class=\"wp-block-uagb-column uagb-column__wrap uagb-column__background-color uagb-block-8349f83e\"><div class=\"uagb-column__overlay\"><\/div>\n<figure class=\"wp-block-image aligncenter size-full\"><img loading=\"lazy\" decoding=\"async\" width=\"700\" height=\"525\" src=\"data:image\/gif;base64,R0lGODlhAQABAAAAACH5BAEKAAEALAAAAAABAAEAAAICTAEAOw==\" alt=\"pic\" class=\"wp-image-5535 lazyload\" sizes=\"auto, (max-width: 700px) 100vw, 700px\" data-src=\"https:\/\/kanerva.eu\/fi\/wp-content\/uploads\/IMG_Suomen1920nousuunLB-700.jpg\" data-srcset=\"https:\/\/kanerva.eu\/fi\/wp-content\/uploads\/IMG_Suomen1920nousuunLB-700.jpg 700w, https:\/\/kanerva.eu\/fi\/wp-content\/uploads\/IMG_Suomen1920nousuunLB-700-300x225.jpg 300w, https:\/\/kanerva.eu\/fi\/wp-content\/uploads\/IMG_Suomen1920nousuunLB-700-225x169.jpg 225w\"><figcaption class=\"wp-element-caption\">Valitse j\u00e4rke\u00e4 ja realismia<\/figcaption><\/figure>\n<\/div>\n\n\n\n<div class=\"wp-block-uagb-column uagb-column__wrap uagb-column__background-color uagb-block-534f3337\"><div class=\"uagb-column__overlay\"><\/div>\n<figure class=\"wp-block-image aligncenter size-full has-custom-border\"><img loading=\"lazy\" decoding=\"async\" width=\"557\" height=\"400\" src=\"data:image\/gif;base64,R0lGODlhAQABAAAAACH5BAEKAAEALAAAAAABAAEAAAICTAEAOw==\" alt=\"Jarmo Kanerva eduskunnassa\" class=\"wp-image-3332 lazyload\" style=\"border-radius:10px\" sizes=\"auto, (max-width: 557px) 100vw, 557px\" data-src=\"https:\/\/kanerva.eu\/fi\/wp-content\/uploads\/2021\/01\/DSC00142-557.jpg\" data-srcset=\"https:\/\/kanerva.eu\/fi\/wp-content\/uploads\/2021\/01\/DSC00142-557.jpg 557w, https:\/\/kanerva.eu\/fi\/wp-content\/uploads\/2021\/01\/DSC00142-557-300x215.jpg 300w\"><figcaption class=\"wp-element-caption\">Eduskunnassa<\/figcaption><\/figure>\n<\/div>\n<\/div><\/section>\n\n\n\n<section class=\"wp-block-uagb-columns uagb-columns__wrap uagb-columns__background-color uagb-columns__stack-mobile uagb-columns__valign- uagb-columns__gap-0 alignfull uagb-block-54233cbb uagb-columns__columns-1 uagb-columns__max_width-theme\"><div class=\"uagb-columns__overlay\"><\/div><div class=\"uagb-columns__inner-wrap uagb-columns__columns-1\">\n<div class=\"wp-block-uagb-column uagb-column__wrap uagb-column__background-color uagb-block-37a28adf\"><div class=\"uagb-column__overlay\"><\/div>\n<h2 class=\"wp-block-heading has-text-align-left has-ast-global-color-1-color has-text-color\"><strong>KOTISEUTU KUNTOON <\/strong><\/h2>\n\n\n\n<p class=\"wp-block-paragraph\"><strong>T\u00e4rke\u00e4t ja l\u00e4hell\u00e4 olevat asiat on hoidettava ensin, eli  kotiseutu ja peruspalvelut.<\/strong> <br>Kotiseutuni on Espoo, Uusimaa, Suomi ja EU. Pelikentt\u00e4n\u00e4 on koko planeetta. <br><br><strong>L\u00e4hidemokratia on tehokkaampaa.<\/strong> Kaukainen hallinto, keskusvalta, EU ja globalismi ei tunne paikallisia asioita hyvin tai ei v\u00e4lit\u00e4.<br><br>Vaaleissa tekij\u00f6iksi tarvitaan ihmisi\u00e4, joilla on ryhm\u00e4ns\u00e4 tuki takana. Ongelmat jatkuvat, jos \u00e4\u00e4nestet\u00e4\u00e4n osaamattomia n\u00e4yttelij\u00f6it\u00e4. Loppupeleiss\u00e4 \u00e4\u00e4nest\u00e4j\u00e4t kantavat vastuut ja maksut.<br><br><strong>Kunnissa, kuten Espoo, on paljon teht\u00e4vi\u00e4.<\/strong> Asiat priorisoidaan talousarvion kautta. Asioita pit\u00e4\u00e4 hallinnoida ja valvoa. Sivistystoimi, kuten koulut, kirjastot, tarhat; Tekninen puoli kuten kadut, liikenne ja infra; Liikunta ja luonto; Kaupunkisuunnittelu, kaavoitus, rakentaminen, ymp\u00e4rist\u00f6nsuojelu. Kuntayhtym\u00e4t: ruoka, vesi, liikenne, Metro, Omnia. Ja hallinto. Lis\u00e4ksi on yhteydet j\u00e4rjest\u00f6ihin, asukasyhdistyksiin. ks <a href=\"https:\/\/www.espoo.fi\/fi\" target=\"_blank\" rel=\"noreferrer noopener\">espoo.fi<\/a> . Hyvinvointialueella, maakuntatasolla on nyt sosiaali- ja terveysasiat, lopussa linkki.<\/p>\n\n\n\n<p class=\"wp-block-paragraph\">.<br><strong>Suomi voi hoitaa teollisuusmaana peruspalvelut, jos rahaa ei tuhlata v\u00e4\u00e4riin asioihin. <\/strong><br>Uusimaa tuottaa 40 % valtiomme bruttokansantuotteesta ja eritt\u00e4in suuren osan koko maan verotuloista v. 2021. Mutta nyt ei jaeta en\u00e4\u00e4 tarpeeksi rahaa alueen peruspalveluihin, kuten kouluihin ja terveydenhoitoon. Ihmisi\u00e4 ei voi pit\u00e4\u00e4 tuottavassa ja verojamaksavassa kunnnossa. Eduskunta p\u00e4\u00e4tt\u00e4\u00e4 ja jakaa verorahaa kunnille ja hyvinvointialueille valtionosuuksina. Espoosta on viety yli 10 mrd, arvioiden 15, rahaa muualle 15 v aikana. Siksi Espoo on miljardiveloissa. Palvelut ja ty\u00f6llisuus olisi fantastisia miljardeilla. Edunvalvonta on t\u00e4rke\u00e4\u00e4. <br><br><strong>Espoo on osaltaan hoitanut Suomen ja EU:n asioita ja kuluja ja kulut nousevat jatkossa. <\/strong><br>+Kuntien pit\u00e4\u00e4 ajaa paremmin edunvalvontaansa eduskuntaan p\u00e4in ja EU:seen. EU voi tukea perusteltuja projekteja, joihin haetaan tukia. Espoon talous ja tulos on t\u00e4ysin riippuvainen eduskunnannan m\u00e4\u00e4r\u00e4\u00e4m\u00e4st\u00e4 valtionosuudesta, joka palutetaan veroja. Espoo on jo tehostanut toimintaansa vuosia ja kuluja sai alas vain huonontamalla palveluita, mutta valtio vain vei ne rahat.<br><br>+Valtion pit\u00e4isi antaa valtionosuutena projektiensa aiheuttamat kulut.<br><br>+Valtuustossa ajoin, ettei kaavoitettaisi n\u00e4in massiivisesti vuokrakerrostaloja ja lanattaisi kaikkea vihre\u00e4\u00e4 harmaaksi. Kevarit ovat hyvi\u00e4 ja palvelevat kaikkia, my\u00f6s esteellisi\u00e4 kulkijoita ja auttavat liikkumaan. Ja kaaavoitettaisiin v\u00e4ljemmin ja pientalojakin ja olisi autopaikat. Pohjois-Espoon kaavassa se osin onnistui. Etel\u00e4ss\u00e4 metron varjolla rakennettiin enemm\u00e4n kuin myytiin. Jopa lumitilat j\u00e4i kaavoista pois mm. Niittykummussa. Puutarha Tapiolaa ei en\u00e4\u00e4 ole. T\u00e4ydennysrakentamisella ja v\u00e4ylill\u00e4 lanattiin l\u00e4hivirkistysalueita ja valoisutta jo rakennetuissa ymp\u00e4rist\u00f6iss\u00e4.<br><br><strong>TY\u00d6VOIMA<\/strong><br>+Olen ajanut, ett\u00e4 innovatiivinen Espoo innovoisi oikeita ty\u00f6paikkoja ja mahdollisuuksia. Esim. yrityskeskukset, apua mikroyrityksille, oma palkkaaminen, 3. sektori ym, kuntoutus, l\u00e4pik\u00e4ynti. Asia on merkitt\u00e4v\u00e4 muutos v. 2025, joka maksaa paljon. <br><br><br><strong>TAUSTAA<\/strong><br>Espoo on kaavoittanut valtavasti vuokra-asuntoja, jotka omistaa valtaosin sijoittajat. Espoo on saanut kuitenkin vain osan metron kuluista kaavoituksella takaisin. Yli 95 % kerrosalasta oli pieni\u00e4 kerrostalon neli\u00f6it\u00e4 ja pientaloja on tullut v\u00e4h\u00e4n.  Vasta 2025 t\u00e4h\u00e4n ja eriytymiseen her\u00e4ttiin. Suuri osa on korkeita taloja ja metron l\u00e4hell\u00e4. Se muutti Espoota, v\u00e4est\u00f6\u00e4 ja asumista vuokrakaupungiksi ja lanasi vihre\u00e4\u00e4 ja v\u00e4ljyytt\u00e4 pois. Espoon Asunnolla on omat vuokra-asunnot. Asia liittyy MAL-sopimukseenkin. Vuokra-asuntoja pit\u00e4\u00e4 jakaa my\u00f6s tavis espoolaisille, nuorille, t\u00f6it\u00e4 tekeville, tasapuolisesti. <br><\/p>\n\n\n\n<p class=\"wp-block-paragraph\">Nyt v\u00e4est\u00f6 v\u00e4henee ja tietoisesti. Ihan tavallisia ihmisi\u00e4 on peloteltu uhkillla, eik\u00e4 anneta varmuutta ja mahdollisuuksia p\u00e4rj\u00e4t\u00e4 js hankkia lapsia.<\/p>\n\n\n\n<p class=\"wp-block-paragraph\">Uudet v\u00e4yl\u00e4t ja hankkeet ovat muuttaneet Espoota, lananneet mukavia vanhoja asuinalueita vihre\u00e4st\u00e4 harmaaksi. <br>Maahanmuuton my\u00f6t\u00e4 vieraskielisten osuus on noussut n. 25%:iin pks, ja l\u00e4hes koko kasvu tuli siit\u00e4. Sit\u00e4 varten rakennetaan lis\u00e4\u00e4 kouluja, tarhoja, palveluita ja joukkoliikennett\u00e4. Kunnan henkil\u00f6kuntaa ja menoja on lis\u00e4nnyt p\u00e4\u00e4osin maahanmuutto ja sen tukitoiminta ja laajentunut varhaiskasvatus. Sill\u00e4 yritet\u00e4\u00e4n mm. parantaa heikentyneit\u00e4 koulutuloksia. Joukkoliikenteen subventio on jo yli 60 % ja sen kaikki investoinnit lis\u00e4\u00e4v\u00e4t kuluja.<\/p>\n\n\n\n<p class=\"wp-block-paragraph\">V.2024 lopussa ty\u00f6tt\u00f6myysaste on noussut yli 10%:iin, ty\u00f6tt\u00f6m\u00e4t on hyvin koulutettuja ja avoimia ty\u00f6paikkoja on alle 10 % ty\u00f6tt\u00f6mien m\u00e4\u00e4r\u00e4st\u00e4, eik\u00e4 isot yritykset palkkaa. Koulutus ei paljoa auta. Vuonna 2025 Espoo hoitaa ty\u00f6voiman itse ja se on uusi ja valtava projekti. v. 2024 ty\u00f6voima-kokeilun tulokset ja sis\u00e4\u00e4najo oli aika tuloksetonta. Jatkossa kunta maksaa pitk\u00e4aikaisty\u00f6tt\u00f6m\u00e4t, josta tulee yli 40 miljoonan lis\u00e4kulu. EU:lla on jaossa tukirahaa poikkeukselliseen ty\u00f6tt\u00f6myyteen, elvytykseen ja muuhun, joita on haettu huonosti.<\/p>\n\n\n\n<p class=\"wp-block-paragraph\"><strong>Kuntiin ja julkiseen talouteen on ty\u00f6nnetty maksettavaksi taakat valitusta vihre\u00e4st\u00e4 siirtym\u00e4st\u00e4<\/strong>, tuista, joukkoliikenteest\u00e4, v\u00e4est\u00f6nmuutoksesta, kulttuurista, lis\u00e4koulutuksesta, majoituksesta ja lahjoituksista johtuvat kulut. Kuten kalliimmat s\u00e4hk\u00f6autot kunnalle. Tuloja, valtionosuutta ei saada tarvittavaa verojen m\u00e4\u00e4r\u00e4\u00e4.<br><\/p>\n<\/div>\n<\/div><\/section>\n\n\n\n<section class=\"wp-block-uagb-columns uagb-columns__wrap uagb-columns__background-color uagb-columns__stack-mobile uagb-columns__valign- uagb-columns__gap-0 alignfull uagb-block-a4e2dafc uagb-columns__columns-1 uagb-columns__max_width-theme\"><div class=\"uagb-columns__overlay\"><\/div><div class=\"uagb-columns__inner-wrap uagb-columns__columns-1\">\n<div class=\"wp-block-uagb-column uagb-column__wrap uagb-column__background-color uagb-block-21be7d07\"><div class=\"uagb-column__overlay\"><\/div>\n<h2 class=\"wp-block-heading has-text-align-left has-ast-global-color-1-color has-text-color\"><strong>KORJATTAVAA<\/strong><\/h2>\n\n\n\n<p class=\"wp-block-paragraph\">Moni korjattava asia ja huomio on jo kirjattuna Espoon omassa Tarkastuslautakunnan <a href=\"https:\/\/kanerva.eu\/fi\/10127\/espoon-arviointikertomus-v-2023\/\" target=\"_blank\" rel=\"noreferrer noopener\">Arviointikertomuksessa<\/a>, joka on esitetty valtuustolle. Vuodesta toiseen. Olen ollut tekem\u00e4ss\u00e4 sit\u00e4 vuosia ja valvonut toimintaa. <br><br><strong>Tarvittaisiin rehellist\u00e4, ekologista ja kest\u00e4v\u00e4\u00e4 talouskehityst\u00e4.<\/strong> Suomen hiililaskelmat, 2030 on tehty ep\u00e4varman ja v\u00e4h\u00e4isen p\u00e4\u00e4st\u00f6tt\u00f6m\u00e4n, vihre\u00e4n <strong>t\u00f6pselis\u00e4hk\u00f6n varaan<\/strong>. Mutta ei ole ratkaisua, mist\u00e4 se tulee. Sill\u00e4 yritet\u00e4\u00e4n tehd\u00e4 jatkossa kaikki, jopa kaukol\u00e4mp\u00f6 ja liikutetaan liikenne. Vaikka tiedet\u00e4\u00e4n, <a href=\"https:\/\/kanerva.eu\/fi\/7486\/mista-energiaa-2022\/\" target=\"_blank\" rel=\"noreferrer noopener\">ettei energiaa riit\u00e4<\/a>. Reservisss\u00e4 olevia voimaloita ei saisi purkaa, kuten Huoltovarmuuskeskus huomautti. Ilman varmaa s\u00e4hk\u00f6\u00e4 ei tule datakeskuksia ja niiiden l\u00e4mp\u00f6\u00e4 taloille. Suomenojalta puretaan n. 900 MW ja Hgiss\u00e4 lis\u00e4\u00e4 ennen kuin korvaavaa energiaa on olemassa, edellisten hallitusten takia. <\/p>\n\n\n\n<p class=\"wp-block-paragraph\"><a href=\"https:\/\/kanerva.eu\/fi\/2477\/suomen-hiilitase-lasketaan-vaarin\/\" target=\"_blank\" rel=\"noreferrer noopener\">Suomen hiilitase lasketaan v\u00e4\u00e4rin<\/a>  eik\u00e4 yhteismitallisesti muihin maihin. Monia ei miljardien lis\u00e4kulu tunnu kiinnostavan ja tarkistaa Luken tulkinnat, jotka erovat mm. Ruotsistaja tekv\u00e4t EUn mets\u00e4isimm\u00e4st\u00e4 maasta hiilil\u00e4hteen. Autoviha hankaloittaa toimintaa ja pilaa kaupunkeja ja estett\u00f6myytt\u00e4. Helsinki on varoittava esimerkki. Usein kaavoituksen ideat eroavat valtuutettujen toivomuksista. <a href=\"https:\/\/kanerva.eu\/fi\/5954\/mita-kestava-kehitys-on-v-2021\/\" target=\"_blank\" rel=\"noreferrer noopener\">Kest\u00e4v\u00e4 kehitys on kokonaisuus<\/a>, ei pelk\u00e4st\u00e4\u00e4n luonnonsuojelua, vaan my\u00f6s taloutta ja muuta. Puoluet ovat hakeneet Suomelle ylim\u00e4\u00e4risi\u00e4 taakkoja EU:sta yli muiden. P\u00e4\u00e4st\u00f6taakkaa on useita miljardeja vuodessa. Kalliit matkat rajoittavat liikkumista, kansainv\u00e4listymist\u00e4, tietotaidon siirtymist\u00e4 ja kauppaa.<\/p>\n\n\n\n<p class=\"wp-block-paragraph\"><strong>Suomi tarvitsee j\u00e4rkimaahanmuuttoa.<\/strong> Siis Suomeen saa tulla t\u00f6ihin asumaan ja rakentamaan vauraammaksi yhteist\u00e4 yhteiskuntaamme, kuten muutkin sekalaiset suomalaiset. Vapaamatkustajia tai riitelij\u00f6it\u00e4 emme tarvitse taakaksi muille. Nyt houkutellaaan ihmisi\u00e4 ulkomailta v\u00e4\u00e4rin keinoin. Vuokranantajat, koulutus ja puolueet saavat rahaa tominnasta. Tarvitaan v\u00e4est\u00f6\u00e4, joka nostaa elintasoa ja kantaa ainakin itsens\u00e4 ja opiskelee tarvittavan m\u00e4\u00e4r\u00e4n. Itse vaatisin, ett\u00e4 oppisi p\u00e4rj\u00e4\u00e4m\u00e4\u00e4n tarvitulla ty\u00f6kielell\u00e4, vaikka englanti tai kotimaisella kielell\u00e4.  Kaavoituksella ja suunnittelulla on merkityst\u00e4 vetovoimaan. <br><br>Suomi on antanut miljardeja vuodessa muille maille tukina ja lainannut ne itse. Avustusmailta ei ole vaadittu ottamaan omia asukkaitaan takaisin tarvittaessa. Nyt ajassa on humanitaarisia poikkeuksia mm. ukrainalaiset, jotka ovat oikeita sodan pakolaisia ja n\u00e4ytt\u00e4v\u00e4t yritt\u00e4v\u00e4n p\u00e4rj\u00e4t\u00e4.<\/p>\n\n\n\n<p class=\"wp-block-paragraph\"><br><strong>Suomea pit\u00e4\u00e4 hoitaa paremmin<\/strong>. Suomen talous ja elintason nousu j\u00e4i v. 2008-2024 j\u00e4lkeen muuta EU:ta ja maa velkaantui 200 mrd puolueiden johdolla. On eletty noin 10 mrd \/v yli tulojen. Tuottamattomien poliittisten projektien ajaminen oli vastoin kest\u00e4v\u00e4\u00e4 talouskehityst\u00e4. EU ja pankit jo puuttuivat asiaan 2023. Nyt 2025 on pakko korjata talous tai muut tekev\u00e4t sen ja se sattuu. Valtion 2025 kuluista on 6,5 mrd puolustusmenoihin, jotka on pakollisia t\u00e4ss\u00e4 maailman tilanteessa<\/p>\n\n\n\n<p class=\"wp-block-paragraph\">Valtio on lainannut yli 207 miljardia, josta 140 mrd on otettu v. 2008-2024. 2025 otetaan n 13 mrd. Tuhlattiin yli varojen ja saatiin pitk\u00e4aikaisia kriisej\u00e4. Sote-uudistus 2023 nosti erityisest kuluja (3-5 mrd), erityisesti hallinnossa ja v\u00e4hensi palveluita rahan puutteen takia. Kuluja yritet\u00e4\u00e4n luultavasti leikata yhdist\u00e4m\u00e4ll\u00e4 alueita. Vihre\u00e4st\u00e4 siirtym\u00e4st\u00e4 saatii lis\u00e4\u00e4 taakkoja, josta pidet\u00e4\u00e4n huonosti kirjanpitoa, arvio 2-3 mrd vuodessa julkistaloudelle. Ja saatiin energiapula ja kovat hinnat. My\u00f6s maaseutua kurjistettiin. Energiavaltaiset alat k\u00e4rsiv\u00e4t ja lopettavat, kuten ruuan tuotanto, mets\u00e4teollisuus. Inflaatio on nakertanut s\u00e4\u00e4st\u00f6j\u00e4. Julkista tekemist\u00e4 pit\u00e4\u00e4 seurata ja ohjata. Valvoin sit\u00e4 mm. Tarkastuslautakunnan j\u00e4senen\u00e4 Espoossa.<\/p>\n\n\n\n<p class=\"wp-block-paragraph\">Edelleen nyt vaarana on p\u00e4\u00e4st\u00f6maksujen monen miljardin nousu vanhojen fanaattisten sitoumusten takia. Mets\u00e4tkin jo lasketaan p\u00e4\u00e4st\u00f6iksi Lukessa, joita on 75% alasta. Tulkinnat pit\u00e4\u00e4 korjata. Niin k\u00e4y hiilisynneille kun p\u00e4\u00e4stet\u00e4\u00e4n luonnonsuojelijat neuvottelemaan ja p\u00e4\u00e4tt\u00e4m\u00e4\u00e4n. Muutaman ihmisen Museovirasto tulkitsee my\u00f6s suojelukohteita ja t\u00f6it\u00e4 arkkitehdeille kymmenill\u00e4 miljoonilla. Tulkintoja ja perusteita t\u00e4ytyy uudelleen- ja vertaisarvioida v\u00e4lill\u00e4 ja suorittaa edunvalvontaa.<\/p>\n\n\n\n<p class=\"wp-block-paragraph\">Oppositio yritt\u00e4\u00e4 nostaa keinotekoisia ja perustelemattomia ongelmia ja lakkoja mediaan ihan jatkuvasti. Nyt korjataan vuosien holtittoman talouden j\u00e4lki\u00e4. Jonkun on teht\u00e4v\u00e4 kulujen leikkaukset. Ennen on vaan palaveroitu ja pel\u00e4tty vaalituloksia. Siltikin 2025 kuluihin tarvitaan 13 mrd lis\u00e4\u00e4. Kulut ja korot ja taakat ovat nousseet.<\/p>\n<\/div>\n<\/div><\/section>\n\n\n\n<section class=\"wp-block-uagb-columns uagb-columns__wrap uagb-columns__background-color uagb-columns__stack-mobile uagb-columns__valign- uagb-columns__gap-10 alignfull uagb-block-ff40c78a uagb-columns__columns-2 uagb-columns__max_width-theme\"><div class=\"uagb-columns__overlay\"><\/div><div class=\"uagb-columns__inner-wrap uagb-columns__columns-2\">\n<div class=\"wp-block-uagb-column uagb-column__wrap uagb-column__background-color uagb-block-90950a03\"><div class=\"uagb-column__overlay\"><\/div>\n<figure class=\"wp-block-image aligncenter size-full\"><img loading=\"lazy\" decoding=\"async\" width=\"747\" height=\"475\" src=\"data:image\/gif;base64,R0lGODlhAQABAAAAACH5BAEKAAEALAAAAAABAAEAAAICTAEAOw==\" alt=\"Espoo Rainbow River 2023\" class=\"wp-image-8449 lazyload\" sizes=\"auto, (max-width: 747px) 100vw, 747px\" data-src=\"https:\/\/kanerva.eu\/fi\/wp-content\/uploads\/Espoo-Rainbow-River-2023-valoteos.jpg\" data-srcset=\"https:\/\/kanerva.eu\/fi\/wp-content\/uploads\/Espoo-Rainbow-River-2023-valoteos.jpg 747w, https:\/\/kanerva.eu\/fi\/wp-content\/uploads\/Espoo-Rainbow-River-2023-valoteos-300x191.jpg 300w, https:\/\/kanerva.eu\/fi\/wp-content\/uploads\/Espoo-Rainbow-River-2023-valoteos-225x143.jpg 225w\"><figcaption class=\"wp-element-caption\">Espoo Rainbow River 2023<\/figcaption><\/figure>\n<\/div>\n\n\n\n<div class=\"wp-block-uagb-column uagb-column__wrap uagb-column__background-color uagb-block-93099fa1\"><div class=\"uagb-column__overlay\"><\/div>\n<figure class=\"wp-block-image aligncenter size-full\"><img loading=\"lazy\" decoding=\"async\" width=\"800\" height=\"800\" src=\"data:image\/gif;base64,R0lGODlhAQABAAAAACH5BAEKAAEALAAAAAABAAEAAAICTAEAOw==\" alt=\"\" class=\"wp-image-12136 lazyload\" sizes=\"auto, (max-width: 800px) 100vw, 800px\" data-src=\"https:\/\/kanerva.eu\/fi\/wp-content\/uploads\/Parempaauuttavuotta2026-800-c.jpg\" data-srcset=\"https:\/\/kanerva.eu\/fi\/wp-content\/uploads\/Parempaauuttavuotta2026-800-c.jpg 800w, https:\/\/kanerva.eu\/fi\/wp-content\/uploads\/Parempaauuttavuotta2026-800-c-300x300.jpg 300w, https:\/\/kanerva.eu\/fi\/wp-content\/uploads\/Parempaauuttavuotta2026-800-c-768x768.jpg 768w, https:\/\/kanerva.eu\/fi\/wp-content\/uploads\/Parempaauuttavuotta2026-800-c-500x500.jpg 500w\"><\/figure>\n<\/div>\n<\/div><\/section>\n\n\n\n<section class=\"wp-block-uagb-columns uagb-columns__wrap uagb-columns__background-color uagb-columns__stack-mobile uagb-columns__valign- uagb-columns__gap-10 alignfull uagb-block-355e718e uagb-columns__columns-2 uagb-columns__max_width-theme uag-hide-desktop uag-hide-tab uag-hide-mob\"><div class=\"uagb-columns__overlay\"><\/div><div class=\"uagb-columns__inner-wrap uagb-columns__columns-2\">\n<div class=\"wp-block-uagb-column uagb-column__wrap uagb-column__background-color uagb-block-afc4af21\"><div class=\"uagb-column__overlay\"><\/div>\n<figure class=\"wp-block-image aligncenter size-full\"><img loading=\"lazy\" decoding=\"async\" width=\"600\" height=\"400\" src=\"data:image\/gif;base64,R0lGODlhAQABAAAAACH5BAEKAAEALAAAAAABAAEAAAICTAEAOw==\" alt=\"pic\" class=\"wp-image-5470 lazyload\" sizes=\"auto, (max-width: 600px) 100vw, 600px\" data-src=\"https:\/\/kanerva.eu\/fi\/wp-content\/uploads\/IMG_0026-600-1.jpg\" data-srcset=\"https:\/\/kanerva.eu\/fi\/wp-content\/uploads\/IMG_0026-600-1.jpg 600w, https:\/\/kanerva.eu\/fi\/wp-content\/uploads\/IMG_0026-600-1-300x200.jpg 300w, https:\/\/kanerva.eu\/fi\/wp-content\/uploads\/IMG_0026-600-1-391x260.jpg 391w\"><figcaption class=\"wp-element-caption\">Klobbenilla vaaleissa<\/figcaption><\/figure>\n<\/div>\n\n\n\n<div class=\"wp-block-uagb-column uagb-column__wrap uagb-column__background-color uagb-block-f04603d3\"><div class=\"uagb-column__overlay\"><\/div>\n<figure class=\"wp-block-image aligncenter size-full\"><img loading=\"lazy\" decoding=\"async\" width=\"600\" height=\"450\" src=\"data:image\/gif;base64,R0lGODlhAQABAAAAACH5BAEKAAEALAAAAAABAAEAAAICTAEAOw==\" alt=\"pic\" class=\"wp-image-5709 lazyload\" sizes=\"auto, (max-width: 600px) 100vw, 600px\" data-src=\"https:\/\/kanerva.eu\/fi\/wp-content\/uploads\/EspoonValtuustotalo-600.jpg\" data-srcset=\"https:\/\/kanerva.eu\/fi\/wp-content\/uploads\/EspoonValtuustotalo-600.jpg 600w, https:\/\/kanerva.eu\/fi\/wp-content\/uploads\/EspoonValtuustotalo-600-300x225.jpg 300w, https:\/\/kanerva.eu\/fi\/wp-content\/uploads\/EspoonValtuustotalo-600-225x169.jpg 225w\"><figcaption class=\"wp-element-caption\">Olen Espoon PS valtuustoryhm\u00e4ss\u00e4 2017-2021 ja  2021-2025, <br>Valtuustosali Espoonkatu 5,<br>Valtuusto ohjaa Espoon toimintaa<\/figcaption><\/figure>\n<\/div>\n<\/div><\/section>\n\n\n\n<section class=\"wp-block-uagb-columns uagb-columns__wrap uagb-columns__background-color uagb-columns__stack-mobile uagb-columns__valign- uagb-columns__gap-10 alignfull uagb-block-938ed3b4 uagb-columns__columns-1 uagb-columns__max_width-theme\"><div class=\"uagb-columns__overlay\"><\/div><div class=\"uagb-columns__inner-wrap uagb-columns__columns-1\">\n<div class=\"wp-block-uagb-column uagb-column__wrap uagb-column__background-undefined uagb-block-59b732ed\"><div class=\"uagb-column__overlay\"><\/div>\n<h2 class=\"wp-block-heading has-ast-global-color-1-color has-text-color has-link-color wp-elements-18d36e8340339afbcd3ce8909d1410f5\"><strong>PERUSPALVELUT KUNTOON <\/strong><\/h2>\n\n\n\n<p class=\"wp-block-paragraph\" style=\"font-size:1.1em\"><img loading=\"lazy\" decoding=\"async\" width=\"100\" height=\"100\" class=\"wp-image-4322 lazyload\" style=\"width: 100px;\" src=\"data:image\/gif;base64,R0lGODlhAQABAAAAACH5BAEKAAEALAAAAAABAAEAAAICTAEAOw==\" alt=\"Peruspalvelut\" sizes=\"auto, (max-width: 100px) 100vw, 100px\" data-src=\"https:\/\/kanerva.eu\/fi\/wp-content\/uploads\/health-1.jpg\" data-srcset=\"https:\/\/kanerva.eu\/fi\/wp-content\/uploads\/health-1.jpg 512w, https:\/\/kanerva.eu\/fi\/wp-content\/uploads\/health-1-300x300.jpg 300w\"> <img loading=\"lazy\" decoding=\"async\" width=\"80\" height=\"80\" class=\"wp-image-4324 lazyload\" style=\"width: 80px;\" src=\"data:image\/gif;base64,R0lGODlhAQABAAAAACH5BAEKAAEALAAAAAABAAEAAAICTAEAOw==\" alt=\"Lastenhoito\" sizes=\"auto, (max-width: 80px) 100vw, 80px\" data-src=\"https:\/\/kanerva.eu\/fi\/wp-content\/uploads\/baby2.jpg\" data-srcset=\"https:\/\/kanerva.eu\/fi\/wp-content\/uploads\/baby2.jpg 512w, https:\/\/kanerva.eu\/fi\/wp-content\/uploads\/baby2-300x300.jpg 300w\"> <img loading=\"lazy\" decoding=\"async\" width=\"100\" height=\"100\" class=\"wp-image-4325 lazyload\" style=\"width: 100px;\" src=\"data:image\/gif;base64,R0lGODlhAQABAAAAACH5BAEKAAEALAAAAAABAAEAAAICTAEAOw==\" alt=\"\" data-src=\"https:\/\/kanerva.eu\/fi\/wp-content\/uploads\/books_library_1768.jpg\"> <img loading=\"lazy\" decoding=\"async\" width=\"150\" height=\"150\" class=\"wp-image-4328 lazyload\" style=\"width: 150px;\" src=\"data:image\/gif;base64,R0lGODlhAQABAAAAACH5BAEKAAEALAAAAAABAAEAAAICTAEAOw==\" alt=\"\" sizes=\"auto, (max-width: 150px) 100vw, 150px\" data-src=\"https:\/\/kanerva.eu\/fi\/wp-content\/uploads\/sp-cult1.jpg\" data-srcset=\"https:\/\/kanerva.eu\/fi\/wp-content\/uploads\/sp-cult1.jpg 512w, https:\/\/kanerva.eu\/fi\/wp-content\/uploads\/sp-cult1-300x300.jpg 300w\"> <br><br><strong>Rahat ja resurssit pit\u00e4\u00e4 priorisoida peruspalveluihin ja -asioihin, eik\u00e4 k\u00e4ytt\u00e4\u00e4 tehottomasti. <\/strong><br><strong>Muuten joudutaan fuskaamaan ja leikkaamaan, jos tehd\u00e4\u00e4n liikaa ylim\u00e4\u00e4r\u00e4isi\u00e4 kivoja juttuja. <\/strong><br><strong>Palvelut toimivat rahalla. <\/strong><\/p>\n\n\n\n<p class=\"wp-block-paragraph\">Haluaisin k\u00e4ytt\u00e4\u00e4 rahat priorisoidusti perusasioihin ja sitten muuhun parlamentaarisesti sovitulla tavalla.<br>Julkista rahaa h\u00e4vi\u00e4\u00e4 yhteisest\u00e4 kassasta edelleen tehottomiin asioihin; poliittisiin agendoihin, n\u00e4yttelemiseen ja some-pisteisiin. Kun joillekin suunnataan paljon rahaa, niin ne ovat muusta pois. <br><br>Suhteellisuudentajua. Visiot ja mainokset ovat eri asiat kuin v\u00e4ltt\u00e4m\u00e4tt\u00f6m\u00e4t vaatimukset p\u00e4\u00e4t\u00f6ksiss\u00e4. <br>P\u00e4\u00e4t\u00f6ksiin ei voi tunkea jatkuvasti poliitikkojen vaalilupauksia ja j\u00e4rjett\u00f6m\u00e4n suuria tavoitteita. Se ei ole tarkkaa eik\u00e4 ammattitaitoista. Ne velvoittavat viranhaltijat toteuttamaan niit\u00e4 siten ja tuhlaamaan rahaa ja resursseja ja se on muusta pois. Todellisuudessa on tiukkaa edes maksaa perusasiat. Emme voi kantaa taakkaa olla kaikkien alojen maailmanmestareita, eik\u00e4 se ole ihan tervett\u00e4k\u00e4\u00e4n.<br><br>Vuonna 2024 muu EU pit\u00e4\u00e4 Suomen j\u00e4m\u00e4kk\u00e4\u00e4 ja realistista aluevalvontaa jo esimerkkin\u00e4\u00e4n. Kuten sabotaasilaivojen pys\u00e4ytys, rajaturvallisuus. Teot merkitsev\u00e4t, eiv\u00e4t sadut ja puhuttu kuuma ilma.<br><br>Muut maat eiv\u00e4t huomioi Suomen jo tehtyj\u00e4 ilmastouhrauksia, vaan vaativat lis\u00e4\u00e4 alennusprosentteja jo tehdyst\u00e4. Viittaukset k\u00e4sitteisiin ja sopimuksiin laajentavat p\u00e4\u00e4t\u00f6ksi\u00e4 tarpeettomasti tai tahallaan ujuttaen. Esim. &#8217;Kansainv\u00e4liset sopimukset&#8217;, Kest\u00e4v\u00e4 kehitys, YK:n Agenda 2030 osa, SDG, satoja sivuja eri agendaa. Suomessa laajennetaan EU:n ohjeellisia tavoitteita. Niist\u00e4 on saatu energiapula, hybridivaikuttaminen ja muut.<\/p>\n<\/div>\n<\/div><\/section>\n\n\n\n<section class=\"wp-block-uagb-columns uagb-columns__wrap uagb-columns__background-color uagb-columns__stack-mobile uagb-columns__valign- uagb-columns__gap-10 alignfull uagb-block-b1c97d7e uagb-columns__columns-2 uagb-columns__max_width-theme\"><div class=\"uagb-columns__overlay\"><\/div><div class=\"uagb-columns__inner-wrap uagb-columns__columns-2\">\n<div class=\"wp-block-uagb-column uagb-column__wrap uagb-column__background-color uagb-block-9ce46176\"><div class=\"uagb-column__overlay\"><\/div>\n<figure class=\"wp-block-image aligncenter size-full is-resized\"><img loading=\"lazy\" decoding=\"async\" width=\"512\" height=\"512\" src=\"data:image\/gif;base64,R0lGODlhAQABAAAAACH5BAEKAAEALAAAAAABAAEAAAICTAEAOw==\" alt=\"pic\" class=\"wp-image-3187 lazyload\" style=\"width:512px\" sizes=\"auto, (max-width: 512px) 100vw, 512px\" data-src=\"https:\/\/kanerva.eu\/fi\/wp-content\/uploads\/2020\/12\/Espoo-kopteri-SH002B-512.jpg\" data-srcset=\"https:\/\/kanerva.eu\/fi\/wp-content\/uploads\/2020\/12\/Espoo-kopteri-SH002B-512.jpg 512w, https:\/\/kanerva.eu\/fi\/wp-content\/uploads\/2020\/12\/Espoo-kopteri-SH002B-512-300x300.jpg 300w, https:\/\/kanerva.eu\/fi\/wp-content\/uploads\/2020\/12\/Espoo-kopteri-SH002B-512-200x200.jpg 200w, https:\/\/kanerva.eu\/fi\/wp-content\/uploads\/2020\/12\/Espoo-kopteri-SH002B-512-90x90.jpg 90w, https:\/\/kanerva.eu\/fi\/wp-content\/uploads\/2020\/12\/Espoo-kopteri-SH002B-512-75x75.jpg 75w, https:\/\/kanerva.eu\/fi\/wp-content\/uploads\/2020\/12\/Espoo-kopteri-SH002B-512-350x350.jpg 350w, https:\/\/kanerva.eu\/fi\/wp-content\/uploads\/2020\/12\/Espoo-kopteri-SH002B-512-150x150.jpg 150w, https:\/\/kanerva.eu\/fi\/wp-content\/uploads\/2020\/12\/Espoo-kopteri-SH002B-512-225x225.jpg 225w\"><figcaption class=\"wp-element-caption\">Esteet\u00f6nt\u00e4 ja tehokasta arkea kaikille. Espoo on kasvanut 8 kertaiseksi asumisaikanani 1963-2024  ja k\u00e4rsinyt my\u00f6s kasvukipuja<\/figcaption><\/figure>\n<\/div>\n\n\n\n<div class=\"wp-block-uagb-column uagb-column__wrap uagb-column__background-color uagb-block-a896ec27\"><div class=\"uagb-column__overlay\"><\/div>\n<figure class=\"wp-block-image aligncenter size-full\"><img loading=\"lazy\" decoding=\"async\" width=\"800\" height=\"547\" src=\"data:image\/gif;base64,R0lGODlhAQABAAAAACH5BAEKAAEALAAAAAABAAEAAAICTAEAOw==\" alt=\"Jarmo Jussi Kanerva Espoo Suomi neuvottelu\" class=\"wp-image-7712 lazyload\" sizes=\"auto, (max-width: 800px) 100vw, 800px\" data-src=\"https:\/\/kanerva.eu\/fi\/wp-content\/uploads\/Oma-Ylermi.mp4.jpg\" data-srcset=\"https:\/\/kanerva.eu\/fi\/wp-content\/uploads\/Oma-Ylermi.mp4.jpg 800w, https:\/\/kanerva.eu\/fi\/wp-content\/uploads\/Oma-Ylermi.mp4-300x205.jpg 300w, https:\/\/kanerva.eu\/fi\/wp-content\/uploads\/Oma-Ylermi.mp4-768x525.jpg 768w, https:\/\/kanerva.eu\/fi\/wp-content\/uploads\/Oma-Ylermi.mp4-474x324.jpg 474w, https:\/\/kanerva.eu\/fi\/wp-content\/uploads\/Oma-Ylermi.mp4-225x154.jpg 225w\"><figcaption class=\"wp-element-caption\">Et\u00e4neuvotteluissa. <br>Niihin on hyv\u00e4t systeemit ja k\u00e4ytet\u00e4\u00e4n jatkuvasti.<\/figcaption><\/figure>\n<\/div>\n<\/div><\/section>\n\n\n\n<div class=\"wp-block-uagb-separator uagb-block-c0028c07\"><div class=\"uagb-separator-spacing-wrapper\"><div class=\"wp-block-uagb-separator__inner\" style=\"--my-background-image:\"><\/div><\/div><\/div>\n\n\n\n<section class=\"wp-block-uagb-columns uagb-columns__wrap uagb-columns__background-color uagb-columns__stack-mobile uagb-columns__valign-center uagb-columns__gap-0 alignfull uagb-block-f674907e uagb-columns__columns-1 uagb-columns__max_width-theme\"><div class=\"uagb-columns__overlay\"><\/div><div class=\"uagb-columns__inner-wrap uagb-columns__columns-1\">\n<div class=\"wp-block-uagb-column uagb-column__wrap uagb-column__background-undefined uagb-block-6f9e7a69\"><div class=\"uagb-column__overlay\"><\/div>\n<h2 class=\"wp-block-heading has-ast-global-color-8-color has-text-color has-link-color wp-elements-e9c1892bc1c7362588f73a7d0513f1a8\"><strong>Hyvinvointialue kuntoon<\/strong><\/h2>\n\n\n\n<section class=\"wp-block-uagb-columns uagb-columns__wrap uagb-columns__background-none uagb-columns__stack-mobile uagb-columns__valign- uagb-columns__gap-10 align uagb-block-d266b3fa uagb-columns__columns-2 uagb-columns__max_width-theme\"><div class=\"uagb-columns__overlay\"><\/div><div class=\"uagb-columns__inner-wrap uagb-columns__columns-2\">\n<div class=\"wp-block-uagb-column uagb-column__wrap uagb-column__background-undefined uagb-block-100fe209\"><div class=\"uagb-column__overlay\"><\/div>\n<figure class=\"wp-block-image size-large has-custom-border\"><img loading=\"lazy\" decoding=\"async\" width=\"1024\" height=\"576\" src=\"data:image\/gif;base64,R0lGODlhAQABAAAAACH5BAEKAAEALAAAAAABAAEAAAICTAEAOw==\" alt=\"pic\" class=\"wp-image-6434 lazyload\" style=\"border-radius:10px\" sizes=\"auto, (max-width: 1024px) 100vw, 1024px\" data-src=\"https:\/\/kanerva.eu\/fi\/wp-content\/uploads\/Lusote622x1105-1024x576.jpg\" data-srcset=\"https:\/\/kanerva.eu\/fi\/wp-content\/uploads\/Lusote622x1105-1024x576.jpg 1024w, https:\/\/kanerva.eu\/fi\/wp-content\/uploads\/Lusote622x1105-300x169.jpg 300w, https:\/\/kanerva.eu\/fi\/wp-content\/uploads\/Lusote622x1105-768x432.jpg 768w, https:\/\/kanerva.eu\/fi\/wp-content\/uploads\/Lusote622x1105.jpg 1106w\"><figcaption class=\"wp-element-caption\">Uudenmaan hyvinvointialue<\/figcaption><\/figure>\n<\/div>\n\n\n\n<div class=\"wp-block-uagb-column uagb-column__wrap uagb-column__background-undefined uagb-block-05fbf941\"><div class=\"uagb-column__overlay\"><\/div>\n<p class=\"wp-block-paragraph\"><\/p>\n<\/div>\n<\/div><\/section>\n\n\n\n<p class=\"wp-block-paragraph\" style=\"font-size:1.1em\">Hyvinvointialueet hoitavat Sosiaali- ja terveyspalvelut ja pelastuslaitoksen toimintoja kuntien asukkaille.<br><br><strong>Vuonna 2025 voin sanoa, ett\u00e4 hyvinvointipalveluissa on paljon parantamisen varaa toimivuudessa, saatavuudessa, laadussa ja siin\u00e4, ett\u00e4 kysynt\u00e4 kohtaa tarjonnan.<\/strong> <br>Olen itse k\u00e4ytt\u00e4nyt palveluita, selvitellyt asioita ja puuttunut asioihin. Esimerkiksi julkiset l\u00e4\u00e4k\u00e4ripalvelut ja hammasl\u00e4\u00e4k\u00e4ripalvelut. Niit\u00e4 haluaisin korjata. L\u00e4\u00e4k\u00e4reiden lausuntoja: &#8221;Kaikkialla l\u00e4nsi-Euroopassa p\u00e4\u00e4see paremmin l\u00e4\u00e4k\u00e4riin kuin Suomessa&#8230; Terveydenhoitomme toimii jopa hengenvaarallisen huonosti&#8221;. Etel\u00e4-Karjalan alue kysyy 2025\/1 suoraan mm. Okalta rikotaanko perustuslakia vai hyvinvointialuelakia. Sote-uudistus on viel\u00e4 kesken.<br><br><strong>2025 vaalien alla nykyiset p\u00e4\u00e4tt\u00e4j\u00e4t kiittelev\u00e4t itse\u00e4\u00e4n hyv\u00e4st\u00e4 ty\u00f6st\u00e4, mik\u00e4 on posketonta. En ole tyytyv\u00e4inen. He eiv\u00e4t siis ota asiaa vakavasti tai tunne asiaa ja korjaa tilannetta. <\/strong><br><strong>Tilanne on kest\u00e4m\u00e4t\u00f6n jonojen ja potilaiden irtisanomisen takia.<\/strong> <br>Hoitajat jo hylk\u00e4\u00e4v\u00e4t asiakkaita pois, ettei jono olisi lakia pidempi. Lakia on pit\u00e4nyt jo muuttaa, kun jonot ylitti lain. Jonot eiv\u00e4t lis\u00e4\u00e4 kapasiteettia vaan pahentavat ty\u00f6t\u00e4 ja sairauksia. Jonoon ei edes p\u00e4\u00e4se varaamaan. Joka paikasta s\u00e4\u00e4stet\u00e4\u00e4n, mik\u00e4 tulee kalliimmaksi, kun kansalaisten terveys ja p\u00e4rj\u00e4\u00e4minen huononevat. Menee henki ja hampaat suusta, kun j\u00e4tet\u00e4\u00e4n tekem\u00e4tt\u00e4. Osa hakeutuu yksityisille, jos on varaa, koska on pakko. Osa lamaantuu jonoon.<br><br>T\u00e4rkeit\u00e4 olisi saada asiakas kuntoon ja pois jonoista, eik\u00e4 tulemaan uudestaan. <br><br><strong>Rahat ja systeemit viel\u00e4 puuttuvat.<\/strong> <br>Mm. potilastiedot ei kulje. Itse olen vienyt mukanani dokumentteja USB-tikulla. Aika paljon irtisanottiin potilaita ja palveluita ja fuskataan mm. koska rahaa s\u00e4\u00e4stet\u00e4\u00e4n, toiminta eik\u00e4 systeemit ole tarpeeksi tehokkaita. Yksityisess\u00e4 yrityksess\u00e4 ei toimittaisi n\u00e4in.<br>Toiminnan johdon kulut lis\u00e4\u00e4ntyiv\u00e4t v.2023 uudistuksessa, muttei rahat. Alueelta verotetaan valtion kassaan paljon enemm\u00e4n kuin annetaan tarpeelliseen sote-ty\u00f6h\u00f6n. Edunvalvontaa pit\u00e4\u00e4 parantaa. Turhia kuluja pit\u00e4\u00e4 karsia. Perusasiat, kuten el\u00e4m\u00e4n yll\u00e4pito -j\u00e4rjestelm\u00e4 ei ole asia, josta voi s\u00e4\u00e4st\u00e4\u00e4.<br><br><strong>Johtamista ja toimintaa pit\u00e4isi parantaa ja tehd\u00e4 edullisemmaksi<\/strong>. Pieni s\u00e4\u00e4st\u00f6 voi tulla kalliimmaksi pitk\u00e4ss\u00e4 juoksussa. Usein asiallinen toiminta on tehokkainta ja halvinta. Tavara on usein halpaa ja ty\u00f6 kallista.<br><br><strong>L\u00e4hipalvelut tarvitsevat standardisoidut, toimivat tietotekniset systeemit<\/strong>, mik\u00e4 tehostaa toimintaa ja v\u00e4hent\u00e4\u00e4 johtamisen ty\u00f6t\u00e4 ja ty\u00f6n kuluja, virheit\u00e4 ja ihmettely\u00e4. Ja ty\u00f6ntekij\u00e4 voi k\u00e4ytt\u00e4\u00e4 samaa systeemi\u00e4 eri paikoissa ilman opiskelua, joilloin voidaan tuoda palvelut l\u00e4hemm\u00e4ksi koteja ja asiakkaita.<br><br><strong>Toimintaa tehostaa esim. omal\u00e4\u00e4k\u00e4ri ja omahoitaja<\/strong>. Niin ei t\u00e4ydy joka kerta perehty\u00e4 aluksi. Ja pit\u00e4isi hoitaa loppuun asti. Jo vuosia sitten kotihoito ja liikkuva hoitaja tai l\u00e4\u00e4k\u00e4ri toimivat yhteisty\u00f6ss\u00e4 hyv\u00e4ll\u00e4 kokemuksella. Moni huonosti liikkuva piti my\u00f6s kuvapuhelimesta eli et\u00e4neuvottelusta apuna ja ett\u00e4 pystyi jo kotoa saamaan apua, neuvoja ja kartoitusta.<br><strong><br>Kunnan asukkaat ja kunnat ovat alueiden asiakkaita, mutta eiv\u00e4t nyt juuri pysty vaatimaan mit\u00e4\u00e4n, vaan heille annetaan vain jotain alueilta.<\/strong> Alueen ja kuntien v\u00e4list\u00e4 yhteistoimintaa pit\u00e4\u00e4 parantaa ja pit\u00e4\u00e4 luoda toimivat mekanismit, eik\u00e4 yksitt\u00e4istapauksia. T\u00e4t\u00e4 pit\u00e4\u00e4 kehitt\u00e4\u00e4 asiakasl\u00e4ht\u00f6isemm\u00e4ksi ja saada palautesysteemi. Ennaltaehk\u00e4isy ja neuvonta tuo my\u00f6s s\u00e4\u00e4st\u00f6\u00e4 ja paremman el\u00e4m\u00e4n. Ty\u00f6kyvyt\u00f6n ja sairas tulee siten kaikille kalliiksi. Kunnatkin tekev\u00e4t viel\u00e4 rahalla asukkaille hyvinvointipalveluja, esim. liikuntapalvelut ja liput ja jakavat rahaa projekteihin, esim maahanmuuttajille ja esteellisille.<br><br><strong>Alueen terveydenhoitoon t\u00f6rm\u00e4t\u00e4\u00e4n erityisesti kuntien kouluissa ja siell\u00e4 mielenterveysasioissa, jotka ovat pahentuneet.<\/strong> Pit\u00e4\u00e4 korjata. P\u00e4\u00e4st\u00e4\u00e4n usein halvemmalla kun annetaan apua ennen kuin tilanne pahenee. Mik\u00e4 koskee my\u00f6s sairauksia. Koulukiusaus aiheuttaa muille ongelmia. Mielek\u00e4s opiskelu ja paremmat tulokset v\u00e4hent\u00e4isiv\u00e4t kiusaamista ja parantaisi ilmapiiri\u00e4. <br>Kunnissa kouluihin t\u00e4ytyy antaa ty\u00f6kalut henkil\u00f6kunnalle. Tulokset huononevat jatkuvasti. Kouluihin pit\u00e4\u00e4 saada opiskelurauha. Kasvussa on my\u00f6s kouluik\u00e4isten ry\u00f6stely, v\u00e4kivalta ja huumeet ja huonot tulokset.<br><br><strong>Kunnille siirtyy 1.1.2025 ty\u00f6voimapalvelut. Siihen liittyy ty\u00f6tt\u00f6mien kuntoutus ja terveydenhoito.<\/strong> Ne pit\u00e4\u00e4 saada yhdess\u00e4 alueen kanssa kuntoon ja toimivaksi. Kunta ei voi t\u00e4ss\u00e4k\u00e4\u00e4n vaatia mit\u00e4\u00e4n ja asia pit\u00e4\u00e4 ratkaista heti.<br><br><strong>Oma ep\u00e4selvyys tuntuu olevan my\u00f6s v\u00e4est\u00f6nsuojelussa ja turvallisuudessa.<\/strong> Pit\u00e4isi korjata. Kukaan ei haluaisi sit\u00e4 eik\u00e4 kuluja. Koskee varautumista ihmisille vaarallisiin tilanteisiin, myrkkyihin, sabotaaseihin, biovaaroihin, pommeihin, infran h\u00e4iri\u00f6ihin, s\u00e4hk\u00f6-, vesi-,viem\u00e4ri- ym. katkoihin. Ja tiedotuksiin. Sairaalat kuuluvat t\u00e4h\u00e4n. Ainakin epidemioita, radioaktiivisia laskeumia ja ilman ja ravinnon ja veden myrkkyj\u00e4 on ollut ja suuronnettomuuksia ja terrorismia Suomessa. Tiedotus on ep\u00e4selv\u00e4\u00e4, on n\u00e4kynyt TV:ss\u00e4, mik\u00e4 ei toimi ilman s\u00e4hk\u00f6\u00e4 tai l\u00e4hetyst\u00e4. Puutuin 2020 tammikuussa koronaan ja epidemiaan varautumiseen Espoossa, jolloin Suomen hallitus her\u00e4si vastaa kuukausien kuluttua. Suojav\u00e4lineet, l\u00e4\u00e4kkeet, joditabletit ja muut loppuivat hetkess\u00e4. V\u00e4est\u00f6suojiakin korjattiin ja havaittiin kunnossa puutteita, kun vuosikymmeniin ei oltu huollettu. Eik\u00e4 niit\u00e4 edes ole rakennettu vuosikymmeniin kansalaisille vaan virastohin. Nyt l\u00e4hinn\u00e4 jokainen on vastuussa itsest\u00e4\u00e4n. <br><\/p>\n\n\n\n<div class=\"wp-block-buttons is-layout-flex wp-block-buttons-is-layout-flex\">\n<div class=\"wp-block-button\"><a class=\"wp-block-button__link wp-element-button\" href=\"https:\/\/www.luvn.fi\/fi\" target=\"_blank\" rel=\"noreferrer noopener\"><strong>L\u00e4nsi-Uudenmaan hyvinvointialue<\/strong><\/a><\/div>\n<\/div>\n\n\n\n<p class=\"wp-block-paragraph\" style=\"font-size:18px\"><\/p>\n\n\n\n<p class=\"wp-block-paragraph\">.<\/p>\n<\/div>\n<\/div><\/section>\n\n\n\n<div class=\"wp-block-esab-accordion accordion-7582b00c\" data-mode=\"global\" data-close=\"true\"><div class=\"esab__container\">\n<div class=\"wp-block-esab-accordion-child\"><div class=\"esab__head esab__head_reverse\" role=\"button\" aria-expanded=\"false\"><div class=\"esab__heading_txt\"><p class=\"esab__heading_tag\"><strong>HYVINVOINTIALUE <\/strong> lue lis\u00e4\u00e4 klikkaamalla t\u00e4st\u00e4<\/p><\/div><div class=\"esab__icon\"><div class=\"esab__collapse\"> <svg version=\"1.2\" viewBox=\"0 0 24 24\" width=\"24\" height=\"24\"><path fill-rule=\"evenodd\" d=\"m3.5 20.5c-4.7-4.7-4.7-12.3 0-17 4.7-4.7 12.3-4.7 17 0 4.6 4.7 4.6 12.3 0 17-4.7 4.6-12.3 4.6-17 0zm0.9-0.9c4.2 4.2 11 4.2 15.2 0 4.2-4.2 4.2-11 0-15.2-4.2-4.3-11-4.3-15.2 0-4.3 4.2-4.3 11 0 15.2z\"><\/path><path d=\"m11.4 15.9v-3.3h-3.3c-0.3 0-0.6-0.3-0.6-0.6 0-0.4 0.3-0.6 0.6-0.6h3.3v-3.3c0-0.3 0.3-0.6 0.6-0.6 0.3 0 0.6 0.3 0.6 0.6v3.3h3.3c0.3 0 0.6 0.2 0.6 0.6q0 0.2-0.2 0.4-0.2 0.2-0.4 0.2h-3.3v3.3q0 0.2-0.2 0.4-0.2 0.2-0.4 0.2c-0.4 0-0.6-0.3-0.6-0.6z\"><\/path><\/svg> <\/div><div class=\"esab__expand\"> <svg version=\"1.2\" viewBox=\"0 0 24 24\" width=\"24\" height=\"24\"><path fill-rule=\"evenodd\" d=\"m12 24c-6.6 0-12-5.4-12-12 0-6.6 5.4-12 12-12 6.6 0 12 5.4 12 12 0 6.6-5.4 12-12 12zm10.6-12c0-5.9-4.7-10.6-10.6-10.6-5.9 0-10.6 4.7-10.6 10.6 0 5.9 4.7 10.6 10.6 10.6 5.9 0 10.6-4.7 10.6-10.6z\"><\/path><path d=\"m5.6 11.3h12.8v1.4h-12.8z\"><\/path><\/svg> <\/div><\/div><\/div><div class=\"esab__body\">\n<section class=\"wp-block-uagb-columns uagb-columns__wrap uagb-columns__background-none uagb-columns__stack-mobile uagb-columns__valign-center uagb-columns__gap-10 align uagb-block-38ffec08 uagb-columns__columns-1 uagb-columns__max_width-theme\"><div class=\"uagb-columns__overlay\"><\/div><div class=\"uagb-columns__inner-wrap uagb-columns__columns-1\">\n<div class=\"wp-block-uagb-column uagb-column__wrap uagb-column__background-undefined uagb-block-255874c1\"><div class=\"uagb-column__overlay\"><\/div>\n<figure class=\"wp-block-image aligncenter size-full\"><img loading=\"lazy\" decoding=\"async\" width=\"1000\" height=\"781\" src=\"data:image\/gif;base64,R0lGODlhAQABAAAAACH5BAEKAAEALAAAAAABAAEAAAICTAEAOw==\" alt=\"L\u00e4nsiuudenmaan hyvinvointialue kartta\" class=\"wp-image-6637 lazyload\" style=\"object-fit:cover\" sizes=\"auto, (max-width: 1000px) 100vw, 1000px\" data-src=\"https:\/\/kanerva.eu\/fi\/wp-content\/uploads\/LUHAMAP10-0-1000.jpg\" data-srcset=\"https:\/\/kanerva.eu\/fi\/wp-content\/uploads\/LUHAMAP10-0-1000.jpg 1000w, https:\/\/kanerva.eu\/fi\/wp-content\/uploads\/LUHAMAP10-0-1000-300x234.jpg 300w, https:\/\/kanerva.eu\/fi\/wp-content\/uploads\/LUHAMAP10-0-1000-768x600.jpg 768w\"><figcaption class=\"wp-element-caption\">L\u00e4nsi-Uudenmaan hyvinvointialue 120x 80 km  \u00a9 MML (cc by 4.0) , Jarmo Kanerva, ks. Tietoja<\/figcaption><\/figure>\n<\/div>\n<\/div><\/section>\n\n\n\n<p class=\"wp-block-paragraph\"><strong>HYVINVOINTIALUE<\/strong><br><br><img decoding=\"async\" style=\"width: 150px;\" src=\"data:image\/gif;base64,R0lGODlhAQABAAAAACH5BAEKAAEALAAAAAABAAEAAAICTAEAOw==\" alt=\"sote\" class=\"lazyload\" data-src=\"https:\/\/kanerva.eu\/fi\/wp-content\/uploads\/med2.jpg\"><br><br><strong>SOTE-PALVELUT<\/strong> ( SOsiaali- ja TErveuspalvelut siirtyiv\u00e4t LU hyvinvointialueeseen, Luvn:iin)<br>Kaupungeissa pit\u00e4\u00e4 koordinoida hyvinvointi- ja terveyspalvelut hyvinvointialueen kanssa. Kaupunkilaiset ovat asiakkaita ja heill\u00e4 on tarpeensa ja isompi hyte-alue tuottaa palvelut. Kouluissa on kaksi eri organisaatiota. Liikunta- ja vanhustenpalvelut ovat hieman p\u00e4\u00e4llek\u00e4in ja ovat my\u00f6s ennaltaehk\u00e4isev\u00e4\u00e4 toimintaa. <br><br><strong>K\u00e4ytt\u00f6tarkoituksenmukainen terveydenhoito on kilpailuvaltti<\/strong><br>Se tuo rahaa enemm\u00e4n k\u00e4ytt\u00f6\u00f6n. Ihmiset pysyv\u00e4t kunnossa ja tuottavina kun saavat pian ja kunnon hoidon, eiv\u00e4tk\u00e4 tule uudelleen. Se s\u00e4\u00e4st\u00e4\u00e4 kokonaisuutena. Moderni tekniikka korvaa kokeilut ja ty\u00f6t\u00e4. Jonot eiv\u00e4t lis\u00e4\u00e4 kapasiteettia vaan hidastavat ja pahentavat asiaa, ja nostavat kuluja. Hampaiden hoitokin kuuluu kunnalle. Kotihoito ja omaishoitajat ja valinnanvapaus ovat mukavia ja edullisia tapoja kaikille. Apuv\u00e4lineet ja tekniikka helpottavat tekemist\u00e4. Julkinen ja yksityinen tuotanto on toiminut kunnissa hyvin rinnakkain ja sit\u00e4 valvotaan. Se on v\u00e4hent\u00e4nyt ruuhkia ja l\u00e4\u00e4k\u00e4ripulaa ja niiden pieni kilpailu on opettanut molempia.<br><br><img decoding=\"async\" style=\"width: 150px;\" src=\"data:image\/gif;base64,R0lGODlhAQABAAAAACH5BAEKAAEALAAAAAABAAEAAAICTAEAOw==\" alt=\"sote\" class=\"lazyload\" data-src=\"https:\/\/kanerva.eu\/fi\/wp-content\/uploads\/health-1.jpg\"><br><strong>L\u00e4hipalvelut ja liikkuvat palvelut ja ennaltaehk\u00e4isy<\/strong><br>Asiantuntijoiden kanssa selvitet\u00e4\u00e4n kokonaisuutena, miten ja miss\u00e4 palvelut tuotetaan. Alueella on eri kokoisia asukaskeskittymi\u00e4. Ymm\u00e4rrett\u00e4v\u00e4sti ollaan huolissaan, ett\u00e4 l\u00e4hipalvelut s\u00e4ilyv\u00e4t. Se on tavoite. Laatua seurataan.<br><br>Terveyskeskus-tyyppiset palvelut voidaan vet\u00e4\u00e4 et\u00e4yksikk\u00f6in\u00e4, kuten nytkin. Ja pienempi\u00e4 voidaan pit\u00e4\u00e4 auki vuorop\u00e4ivin ja skaalata toimintaa. Vapaaehtoinen et\u00e4tapa olisi rinnalla. Sill\u00e4 on saatu leikattua turhaa k\u00e4ymist\u00e4 ja jonoja esim. Sotkamossa ruuhkista tyhjiin odotustiloihin asti. Vanhuksien hoidossa liikkuvat l\u00e4\u00e4k\u00e4ripalvelut saivat hyv\u00e4\u00e4 palautetta, samoin kuvapuhelin hoitajan ja asiakkaan v\u00e4lill\u00e4. Hinnat ovat tulleet alas tabletin hintaisiksi.<br><br>Kiinteiden pisteen lis\u00e4ksi on mahdollisia osa-aikaiset pisteet. Netin takia henkil\u00f6st\u00f6 ei ole paikkaan sidottuina. Espoossa oli 2019 mobiili, Liikkuva sairaala, LiiSa, l\u00e4hinn\u00e4 vanhusten hoidon tukena. Hoitaja voi vinkata ongelmista liikkuvalle l\u00e4\u00e4k\u00e4rille. Liikkuva henkil\u00f6kunta voi menn\u00e4 kohteisiin ja tehd\u00e4 kampanjoita. Esimerkkin\u00e4 koulut, ehk\u00e4isyneuvonta, ravitsemusneuvonta, diabeetikot, vanhustenhoito, kerhot, epidemiat jne. Kotihoito ja auttaminenkin on osa liikkuvaa ty\u00f6t\u00e4. Esimerkiksi rokotukset, neuvontaa ja muuta.<br><br><strong>Mielenterveyspalvelut pit\u00e4\u00e4 saada kuntoon<\/strong><br>Ihmiset kohtaavat el\u00e4m\u00e4ntilantilanteita. Kaikille on edullisinta saada yksil\u00f6 takaisin p\u00e4rj\u00e4\u00e4m\u00e4\u00e4n itse. Kuolema, ero, sairaudet, syrj\u00e4ytyminen, p\u00e4ihteet, median pelottelu, ilmastoahdistus, nettiongelmat, peliriippuvuus, yksin\u00e4isyys jne. Pilleri ei korvaa vian syyt\u00e4. Asia ty\u00f6llist\u00e4 poliisiakin. Ongelmat ja tapaukset ovat kasvamassa hurjaa vauhtia. Kaupunkien kouluissa on toiminut alueen psykologi- ja kuraattoripalvelut. MT-palveluiden kysynt\u00e4 on hurjasti kasvanut. Ongelmatapaukset voivat h\u00e4irit\u00e4 muita ja aiheuttaa muissa turvattomuutta ja aiheuttaa ep\u00e4suoria kuluja.<br><br><img decoding=\"async\" style=\"width: 150px;\" src=\"data:image\/gif;base64,R0lGODlhAQABAAAAACH5BAEKAAEALAAAAAABAAEAAAICTAEAOw==\" alt=\"Tietotekninen verkko\" class=\"lazyload\" data-src=\"https:\/\/kanerva.eu\/fi\/wp-content\/uploads\/bg71c-300x258.jpg\"><br><br><strong>Julkinen organisaatio tarvitsee avukseen toimivan tietotekniikan<\/strong><br>Tekniikka tehostaa ja nopeuttaa palveluita. Systeemit pit\u00e4\u00e4 olla helppok\u00e4ytt\u00f6isi\u00e4 ja toimivia ja joustaa toimintoaan ja organisaatioon. Nykyaikana liikkuvuus on t\u00e4rke\u00e4\u00e4. Palvelut saadaan my\u00f6s yksil\u00f6llisemm\u00e4ksi, kun systeemi muistaa asiat. Virheet ja selitt\u00e4minen v\u00e4henee.<br><br>Et\u00e4- ja omia palveluita voidaan kehitt\u00e4\u00e4. Ihmiset voivat tehd\u00e4 asioita jo kotona ja saada neuvoja ja h\u00e4lyytt\u00e4\u00e4 apua. Et\u00e4ty\u00f6t ovat opettaneet ihmisi\u00e4 k\u00e4ytt\u00e4m\u00e4\u00e4n et\u00e4yhteyksi\u00e4. Perinteiset ja puhelinpalvelut t\u00e4ytyy s\u00e4ilytt\u00e4\u00e4 niit\u00e4 k\u00e4ytt\u00e4ville. Heikkon\u00e4k\u00f6isille on vaikea k\u00e4ytt\u00e4\u00e4 kaikkia palveluita tai jos ei ole kallista tietotekniikkaa. Asiat vaativat usein my\u00f6s henkil\u00f6kohtaista keskustelua tai tapaamista, jotta asiat saadaan ratkaistua.<br><br><strong>Ty\u00f6voimapula ja markkinat<\/strong><br>Ty\u00f6markkinoilla voi p\u00e4\u00e4st\u00e4 sopimukseen, jos sopimusehdot kohtaavat. Osa ty\u00f6ntekij\u00f6ist\u00e4 on edennyt muualle. Asioita, mm. l\u00e4\u00e4k\u00e4ripulaa ja ruuhkia on korjattu ostopalveluilla yksityispuolelta. Kustannus ja laatu on suurin piirtein sama. Rinnakkaistoiminnassa ala on onneksi kehittynyt. T\u00f6it\u00e4 voi tehostaa monella tavalla mm. tekniikalla, tutkimuksilla, organisoimalla, k\u00e4ytt\u00e4m\u00e4ll\u00e4 muuta apua.<br><br><strong>Palveluiden kehitt\u00e4minen<\/strong><br>Nyt on mahdollisuus tehd\u00e4 isojakin korjausliikkeit\u00e4 muutoksen takia. Usein n\u00e4m\u00e4 olisi korjattavissa yhteisty\u00f6ll\u00e4 eri osapuolien kanssa ja yll\u00e4pit\u00e4m\u00e4ll\u00e4 tarpeellinen palvelukyky. Kent\u00e4lt\u00e4 on tullut palautetta mm. ett\u00e4 vanhempia potilaita l\u00e4hetet\u00e4\u00e4n paljon turhaan kalliiseen sairaalaan vaikka tarvittaisiin hoivakotia tai kotiapua p\u00e4rj\u00e4\u00e4miseen eri yksik\u00f6ss\u00e4. T\u00e4m\u00e4 ruuhkauttaa hoitajia lis\u00e4\u00e4. Tai kallista ensiapua ja ambulansseja k\u00e4ytet\u00e4\u00e4n, vaikka ongelma tiedet\u00e4\u00e4n etuk\u00e4teen, mutta jonot ovat liian pitk\u00e4t normaaliin hoitoon. Tai ei saada muuta kuljetusta tilattua. Hampaidenhoidosta on tullut palautetta, ett\u00e4 suomalaisten kunto on surkea, koska jonotus on liian pitk\u00e4. Asiakkaiden netin kehitt\u00e4minen on varmasti pitk\u00e4kestoinen projekti, joka parantaa jatkuvasti asiakasl\u00e4ht\u00f6isesti palveluita, vaikkapa ajanvarausta, tuloksien n\u00e4kemist\u00e4 ja neuvontaa.<br><br><img decoding=\"async\" style=\"\" src=\"data:image\/gif;base64,R0lGODlhAQABAAAAACH5BAEKAAEALAAAAAABAAEAAAICTAEAOw==\" alt=\"Pelastuslaitos\" class=\"lazyload\" data-src=\"https:\/\/kanerva.eu\/fi\/wp-content\/uploads\/DSC01189-h150mod.jpg\"><br><\/p>\n<\/div><\/div>\n<\/div><\/div>\n\n\n\n<div class=\"wp-block-uagb-separator uagb-block-90f762c2\"><div class=\"uagb-separator-spacing-wrapper\"><div class=\"wp-block-uagb-separator__inner\" style=\"--my-background-image:\"><\/div><\/div><\/div>\n\n\n\n<section class=\"wp-block-uagb-columns uagb-columns__wrap uagb-columns__background-color uagb-columns__stack-mobile uagb-columns__valign- uagb-columns__gap-10 alignfull uagb-block-e090da3b uagb-columns__columns-1 uagb-columns__max_width-theme uag-hide-desktop uag-hide-tab uag-hide-mob\"><div class=\"uagb-columns__overlay\"><\/div><div class=\"uagb-columns__inner-wrap uagb-columns__columns-1\">\n<div class=\"wp-block-uagb-column uagb-column__wrap uagb-column__background-undefined uagb-block-c2626dd4\"><div class=\"uagb-column__overlay\"><\/div>\n<p class=\"wp-block-paragraph\"><img loading=\"lazy\" decoding=\"async\" width=\"150\" height=\"92\" class=\"wp-image-696 lazyload\" style=\"width: 150px;\" src=\"data:image\/gif;base64,R0lGODlhAQABAAAAACH5BAEKAAEALAAAAAABAAEAAAICTAEAOw==\" alt=\"Suomen asialla\" data-src=\"https:\/\/kanerva.eu\/fi\/wp-content\/uploads\/2014\/06\/Flag.png\"> <br><\/p>\n\n\n\n<h2 class=\"wp-block-heading\"><strong>Perussuomalaiset<\/strong><\/h2>\n\n\n\n<p class=\"wp-block-paragraph\"><strong>Perussuomalaiset ajavat Suomen ja kansalaistensa asioita ja etuja.<\/strong><br>Asioita pystyy k\u00e4yt\u00e4nn\u00f6ss\u00e4 hoitamaan j\u00e4rkev\u00e4sti vain puolueen joukkovoiman kautta, erimerkiksi \u00e4\u00e4nestyksiss\u00e4.<\/p>\n\n\n\n<div class=\"wp-block-buttons is-layout-flex wp-block-buttons-is-layout-flex\">\n<div class=\"wp-block-button\"><a class=\"wp-block-button__link wp-element-button\" href=\"https:\/\/kanerva.eu\/fi\/miksi-ps\/\" target=\"_blank\" rel=\"noreferrer noopener\"><strong>Miksi PS?<\/strong><\/a><\/div>\n<\/div>\n\n\n\n<p class=\"wp-block-paragraph\"><br>Suomessa on pakko kuluttaa vain tulojensa mukaan ja hoitaa edunvalvontaansa. On nostettava tuloja tekem\u00e4ll\u00e4 talous ja toimintakyky paremmaksi. El\u00e4minen maksaa paljon Suomessa. Suomea ei pysty s\u00e4\u00e4st\u00e4m\u00e4\u00e4n rikkaaksi. On k\u00e4ytett\u00e4v\u00e4 j\u00e4rke\u00e4 ja hyv\u00e4\u00e4 tunnettakin. <br>Vaaliohjelmat ja strategiset, pitk\u00e4j\u00e4nteiset keinot l\u00f6ytyv\u00e4t alta:<\/p>\n\n\n\n<div class=\"wp-block-buttons is-layout-flex wp-block-buttons-is-layout-flex\">\n<div class=\"wp-block-button\"><a class=\"wp-block-button__link wp-element-button\" href=\"https:\/\/www.perussuomalaiset.fi\/tietoa-meista\/puolueohjelma\/\" target=\"_blank\" rel=\"noreferrer noopener\"><strong>Ohjelmat<\/strong><\/a><\/div>\n<\/div>\n\n\n\n<p class=\"wp-block-paragraph\"><br><strong>Tarvitaan vastavoima EU:ssakin toimiville tuhlailevien puolueiden rahan- ja vallanhimolle<\/strong> ja mielivallalle. Ei voida lis\u00e4t\u00e4 kunnianhimoisia taakkoja, joista ei ole hy\u00f6tyj\u00e4. T\u00e4m\u00e4 pit\u00e4\u00e4 huomioida kunnista EU:n asti.<br><br><strong>Tie verohelvettiin on p\u00e4\u00e4llystetty tehdyill\u00e4 kauniilla aikomuksilla.<\/strong> Monet muut puolueet ajavat EU:n asioita ja vihre\u00e4 rahan ja v\u00e4est\u00f6n siirtoprojekteja. Motiivi saattaa olla hy\u00f6ty\u00e4 julkisesta rahasta ja ajaa omia asioitaan. Se on usein moraalitonta ja vastoin suomalaisten etuja. Se on johtanut kest\u00e4m\u00e4tt\u00f6m\u00e4\u00e4n talouteen, kulujen ja verojen kasvuun ja palveluiden ja kantav\u00e4est\u00f6n tukien heikent\u00e4miseen. Se on heikent\u00e4nyt taloutta ja ty\u00f6llisyytt\u00e4 ja karkoittanut ty\u00f6paikkoja. Suomi ei saa houkutella ihmisi\u00e4 koko maailman sossuna.<\/p>\n\n\n\n<p class=\"wp-block-paragraph\"><strong>PS sai l\u00e4pi rajan yli tulevaa maahanmuuttoa, hybridivaikuttamista koskevan lain Rajaturvallisuudesta l\u00e4pi eduskunnan suurella enemmist\u00f6ll\u00e4 ja kiireellisen\u00e4 2024\/7<\/strong>. T\u00e4t\u00e4 oli ajettu vuosikymmenen. <a href=\"https:\/\/kanerva.eu\/fi\/10562\/sisaministeri-mari-rantanen-espoossa-17-6-2024\/\" target=\"_blank\" rel=\"noreferrer noopener\">uutinen.<\/a> Muut EU-maat seurasivat ja saatiin kunniaa. 2024\/12 hallituksen alaisuudessa otettiin kiinni tunneissa Ven\u00e4j\u00e4lt\u00e4 l\u00e4htenyt laiva, joka sabotoi Suomen kaapeleita, esimerkkin\u00e4 muillekin. Loppui se hyssyttely ja piiloutuminen kv-lakien taakse. <br><br><strong>EU oli siirt\u00e4m\u00e4ss\u00e4 Suomea tarkkailuluokalle huonosta taloudenpidostaan v.2023<\/strong>. PS ajoi 2023-2024 l\u00e4pi 9 mrd s\u00e4\u00e4st\u00f6-ohjelman, joka oli pakko tehd\u00e4 ja asia v\u00e4ltettiin. Se olisi sattunut enemm\u00e4n. Huono taloustilanne ja 7-9 mrd vuodessa yli varojen el\u00e4minen tulee edellisilt\u00e4 hallituksilta. Muut ei uskaltanut tehd\u00e4 korjausta, vaan kalasteli mielummin \u00e4\u00e4ni\u00e4 velkarahalla ja kuluilla ja veronkorotuksilla, Esim. edellisen hallituksen 1.1.2023 huonosti hoidettu soteuudistus nosti kuluja n 3 mrd. Maahanmuuton kulujen on arvioitu olevan ainakin 2,5 mrd. Ilmastosta maksetaan monta miljardia. Kehitysyhteisty\u00f6t\u00e4 on lahjoitettu yli 1,2 mrd:lla \/ v. , josta on tullut yli 35 mrd velka. <br><br>PS ajoi 2024 hallituksen kanssa l\u00e4pi poliittisten lakkojen lyhent\u00e4mist\u00e4 1 p\u00e4iv\u00e4\u00e4n. Ty\u00f6nantaja ei ole edes osapuoli lakossa tai voi vaikuttaa. Kyse oli l\u00e4hinn\u00e4 opposition juonittelemista laajoista lakoista kaataakseen hallitusta. Ne pys\u00e4ytti tehtaita, liikennett\u00e4 ja vienti\u00e4 ja vie kaikilta miljoonia. Politiikasta \u00e4\u00e4nestet\u00e4\u00e4n vaaleissa, eik\u00e4 ay-liikkeen painostusryhmiss\u00e4.<br><br><\/p>\n<\/div>\n<\/div><\/section>\n\n\n\n<section class=\"wp-block-uagb-columns uagb-columns__wrap uagb-columns__background-color uagb-columns__stack-mobile uagb-columns__valign- uagb-columns__gap-10 alignfull uagb-block-f2dbc639 uagb-columns__columns-2 uagb-columns__max_width-theme uag-hide-desktop uag-hide-tab uag-hide-mob\"><div class=\"uagb-columns__overlay\"><\/div><div class=\"uagb-columns__inner-wrap uagb-columns__columns-2\">\n<div class=\"wp-block-uagb-column uagb-column__wrap uagb-column__background-color uagb-block-83c740d3\"><div class=\"uagb-column__overlay\"><\/div>\n<figure class=\"wp-block-image aligncenter size-full\" style=\"margin-right:3px;margin-left:3px\"><img loading=\"lazy\" decoding=\"async\" width=\"600\" height=\"400\" src=\"data:image\/gif;base64,R0lGODlhAQABAAAAACH5BAEKAAEALAAAAAABAAEAAAICTAEAOw==\" alt=\"Suomi, Espoo, Perussuomalaiset, Riikka Purra \n\" class=\"wp-image-5878 lazyload\" sizes=\"auto, (max-width: 600px) 100vw, 600px\" data-src=\"https:\/\/kanerva.eu\/fi\/wp-content\/uploads\/IMG_0249.jpg\" data-srcset=\"https:\/\/kanerva.eu\/fi\/wp-content\/uploads\/IMG_0249.jpg 600w, https:\/\/kanerva.eu\/fi\/wp-content\/uploads\/IMG_0249-300x200.jpg 300w, https:\/\/kanerva.eu\/fi\/wp-content\/uploads\/IMG_0249-391x260.jpg 391w, https:\/\/kanerva.eu\/fi\/wp-content\/uploads\/IMG_0249-225x150.jpg 225w\"><figcaption class=\"wp-element-caption\">Puheenjohtaja Riikka Purra vieraili Espoon Raittikarnevaalissa. Vaaleissa ihmiset antoivat positiivista palautetta ja p\u00e4\u00e4stiin korjaamaan asioita.<\/figcaption><\/figure>\n<\/div>\n\n\n\n<div class=\"wp-block-uagb-column uagb-column__wrap uagb-column__background-color uagb-block-db97755d\"><div class=\"uagb-column__overlay\"><\/div>\n<figure class=\"wp-block-image aligncenter size-full\" style=\"margin-right:3px;margin-left:3px\"><img loading=\"lazy\" decoding=\"async\" width=\"800\" height=\"533\" src=\"data:image\/gif;base64,R0lGODlhAQABAAAAACH5BAEKAAEALAAAAAABAAEAAAICTAEAOw==\" alt=\"Espoon perussuomalaiset, Suomi, Jussi Jarmo Kanerva\n\" class=\"wp-image-5900 lazyload\" sizes=\"auto, (max-width: 800px) 100vw, 800px\" data-src=\"https:\/\/kanerva.eu\/fi\/wp-content\/uploads\/IMG_0266-800.jpg\" data-srcset=\"https:\/\/kanerva.eu\/fi\/wp-content\/uploads\/IMG_0266-800.jpg 800w, https:\/\/kanerva.eu\/fi\/wp-content\/uploads\/IMG_0266-800-300x200.jpg 300w, https:\/\/kanerva.eu\/fi\/wp-content\/uploads\/IMG_0266-800-768x512.jpg 768w, https:\/\/kanerva.eu\/fi\/wp-content\/uploads\/IMG_0266-800-391x260.jpg 391w, https:\/\/kanerva.eu\/fi\/wp-content\/uploads\/IMG_0266-800-225x150.jpg 225w\"><figcaption class=\"wp-element-caption\">J\u00e4sentapahtumissa kehitett\u00e4\u00e4n ryhm\u00e4n toimintaa. Edustajia mm. eduskunnasta, puolueesta, piirist\u00e4, valtuustoryhm\u00e4st\u00e4 ja ry:n j\u00e4seni\u00e4 valtuustotalolla.<\/figcaption><\/figure>\n<\/div>\n<\/div><\/section>\n\n\n\n<section class=\"wp-block-uagb-columns uagb-columns__wrap uagb-columns__background-color uagb-columns__stack-mobile uagb-columns__valign- uagb-columns__gap-0 alignfull uagb-block-15691674 uagb-columns__columns-1 uagb-columns__max_width-theme\"><div class=\"uagb-columns__overlay\"><\/div><div class=\"uagb-columns__inner-wrap uagb-columns__columns-1\">\n<div class=\"wp-block-uagb-column uagb-column__wrap uagb-column__background-undefined uagb-block-5cd70e14\"><div class=\"uagb-column__overlay\"><\/div>\n<p class=\"wp-block-paragraph\" style=\"font-size:1.1em\"><img loading=\"lazy\" decoding=\"async\" width=\"100\" height=\"100\" class=\"wp-image-4322 lazyload\" style=\"width: 100px;\" src=\"data:image\/gif;base64,R0lGODlhAQABAAAAACH5BAEKAAEALAAAAAABAAEAAAICTAEAOw==\" alt=\"Suomi kuntoon ja elinvoimaiseksi\" sizes=\"auto, (max-width: 100px) 100vw, 100px\" data-src=\"https:\/\/kanerva.eu\/fi\/wp-content\/uploads\/health-1.jpg\" data-srcset=\"https:\/\/kanerva.eu\/fi\/wp-content\/uploads\/health-1.jpg 512w, https:\/\/kanerva.eu\/fi\/wp-content\/uploads\/health-1-300x300.jpg 300w\"> <img loading=\"lazy\" decoding=\"async\" width=\"100\" height=\"100\" class=\"wp-image-4325 lazyload\" style=\"width: 100px;\" src=\"data:image\/gif;base64,R0lGODlhAQABAAAAACH5BAEKAAEALAAAAAABAAEAAAICTAEAOw==\" alt=\"\" data-src=\"https:\/\/kanerva.eu\/fi\/wp-content\/uploads\/books_library_1768.jpg\"><img loading=\"lazy\" decoding=\"async\" width=\"150\" height=\"150\" class=\"wp-image-4328 lazyload\" style=\"width: 150px;\" src=\"data:image\/gif;base64,R0lGODlhAQABAAAAACH5BAEKAAEALAAAAAABAAEAAAICTAEAOw==\" alt=\"\" sizes=\"auto, (max-width: 150px) 100vw, 150px\" data-src=\"https:\/\/kanerva.eu\/fi\/wp-content\/uploads\/sp-cult1.jpg\" data-srcset=\"https:\/\/kanerva.eu\/fi\/wp-content\/uploads\/sp-cult1.jpg 512w, https:\/\/kanerva.eu\/fi\/wp-content\/uploads\/sp-cult1-300x300.jpg 300w\"> <img loading=\"lazy\" decoding=\"async\" width=\"125\" height=\"125\" class=\"wp-image-4313 lazyload\" style=\"width: 125px;\" src=\"data:image\/gif;base64,R0lGODlhAQABAAAAACH5BAEKAAEALAAAAAABAAEAAAICTAEAOw==\" alt=\"\" sizes=\"auto, (max-width: 125px) 100vw, 125px\" data-src=\"https:\/\/kanerva.eu\/fi\/wp-content\/uploads\/boat1.jpg\" data-srcset=\"https:\/\/kanerva.eu\/fi\/wp-content\/uploads\/boat1.jpg 512w, https:\/\/kanerva.eu\/fi\/wp-content\/uploads\/boat1-300x300.jpg 300w\"> <img loading=\"lazy\" decoding=\"async\" width=\"100\" height=\"100\" class=\"wp-image-426 lazyload\" style=\"width: 100px;\" src=\"data:image\/gif;base64,R0lGODlhAQABAAAAACH5BAEKAAEALAAAAAABAAEAAAICTAEAOw==\" alt=\"\" sizes=\"auto, (max-width: 100px) 100vw, 100px\" data-src=\"https:\/\/kanerva.eu\/fi\/wp-content\/uploads\/2014\/07\/Euro524.png\" data-srcset=\"https:\/\/kanerva.eu\/fi\/wp-content\/uploads\/2014\/07\/Euro524.png 524w, https:\/\/kanerva.eu\/fi\/wp-content\/uploads\/2014\/07\/Euro524-150x150.png 150w, https:\/\/kanerva.eu\/fi\/wp-content\/uploads\/2014\/07\/Euro524-300x300.png 300w, https:\/\/kanerva.eu\/fi\/wp-content\/uploads\/2014\/07\/Euro524-200x200.png 200w, https:\/\/kanerva.eu\/fi\/wp-content\/uploads\/2014\/07\/Euro524-90x90.png 90w, https:\/\/kanerva.eu\/fi\/wp-content\/uploads\/2014\/07\/Euro524-75x75.png 75w, https:\/\/kanerva.eu\/fi\/wp-content\/uploads\/2014\/07\/Euro524-225x225.png 225w\"><\/p>\n\n\n\n<h2 class=\"wp-block-heading has-ast-global-color-1-color has-text-color has-link-color wp-elements-88e53e8d67abada5e51a932f60e0518d\"><strong>SUOMI KUNTOON JA ELINVOIMAISEKSI<\/strong><\/h2>\n\n\n\n<p class=\"wp-block-paragraph\" style=\"font-size:1.1em\"><strong>Suomen talouden perusasiat pit\u00e4\u00e4 korjata<\/strong><\/p>\n\n\n\n<p class=\"wp-block-paragraph\"><strong>Suomen talous pit\u00e4\u00e4 saada kuntoon, koneistot py\u00f6rim\u00e4\u00e4n ja tuottamaan lis\u00e4\u00e4 rahaa, t\u00f6it\u00e4 ja elintasoa.<\/strong> <br><br><strong>Pitk\u00e4n aikaa taloutta on jarrutettu kustannuksilla<\/strong> mm. tehottoman ja kalliin ilmaston ja maailmanparannuksen takia. Ilmastoty\u00f6t\u00e4 voi tehd\u00e4 edullisemminkin ja tehokkaammin. Suomen on otettava vain sille kuuluva taakka. Verokitka hidastaa jo liikaa taloutta. Toiminnan jarrutus, kiellot ja turha byrokratia jarruttavat taloutta ja ty\u00f6llisyytt\u00e4. Ei saa tehd\u00e4 edes sit\u00e4, mit\u00e4 ennen teki ty\u00f6kseen. Koulutuksen edunvalvonta on ollut\u2002liian tehokasta ja vaaditaan monia kortteja. Kest\u00e4v\u00e4n kehityksenkin mukaan liikenteen, infran ja energian pit\u00e4\u00e4 toimia tehokkaasti ja pit\u00e4\u00e4 olla edullista ja turvattua.<br><br><strong>Ilmastoty\u00f6n pit\u00e4\u00e4 olla kustannustehokasta eik\u00e4 saa olla liiallinen taakka.<\/strong> Suomen taakka pit\u00e4\u00e4 laskea oikein ja rehellisesti eik\u00e4 poliittisesti. Ei pid\u00e4 my\u00f6nty\u00e4 ottaamaan muiden taakkoja, jotta oltaisiin mukavia. On pystytt\u00e4v\u00e4 mittamaan vaikuttavuus k\u00e4ytetylle taakalle. Nyt puuhastellaan idealistisesti ilman seurantaa. Suomen hiilinielut ovat paljon isommat (mm. Nasan mittaukset), kuin on sopimuksissa ja\u2002ovat EU:n isoimmat asukasta kohden. Sopimuksien tekemiseen jo pit\u00e4\u00e4 vaikuttaa mm. EU:ssa, mm. Alueissa ja Parlamentissa. Suomella on valtavat bioenergiaresurssit, enemm\u00e4n kuin Norjan \u00f6ljy\u00e4, joita ei saa k\u00e4ytt\u00e4\u00e4 kyseenalaisen tulkinnan takia. <a href=\"https:\/\/kanerva.eu\/fi\/2477\/suomen-hiilitase-lasketaan-vaarin\/\" target=\"_blank\" rel=\"noreferrer noopener\">Suomen hiilitase lasketaan v\u00e4\u00e4rin<\/a> ja poliittisesti yl\u00e4kanttiin. <br><br><strong>Energia<\/strong> Aika n\u00e4ytt\u00e4\u00e4, ettei vihre\u00e4 vety eik\u00e4 vihre\u00e4 rauta ja hype ole mahdollista ilman halpaa energiaa, jota ei vaan ole riitt\u00e4v\u00e4sti tuotantoon. Ja se lis\u00e4\u00e4 kulutusta. Yh\u00e4 enemm\u00e4n s\u00e4hk\u00f6\u00e4 menee kulkuneuvoihin, mik\u00e4 lis\u00e4\u00e4 kulutusta. Edes nyt tuotanto ei riit\u00e4 ja hinnat ovat v\u00e4lill\u00e4 liian kalliita. <br>Vasta v. 2025 alkuvuodesta muutkin Suomessa ovat her\u00e4nneet n\u00e4ihin tunnettuihin tosiasioihin, jotka eroavat poliittisista tarinoista ja horinoista. On alettu puhua ydinvoimasta, ainakin kuntavaalien alla, vaikkei ennen tehty mit\u00e4\u00e4n. <br><br>Energiamarkkinan hinnan huojunta on liian suurta ja sill\u00e4 pelataan ja pit\u00e4isi saada ohjattua stabiilimmaksi.Energia on perushy\u00f6dyke ja talouden ja el\u00e4misen perusta. V\u00e4lill\u00e4 huoltovarmuus ja s\u00e4hk\u00f6n saanti on jo vaarantunut. Katkokset ovat sotilasiskuun verrattavissa ja kalleus pys\u00e4ytt\u00e4\u00e4 jo teollisuudenaloja. Ne eiv\u00e4t kuulu kehittyneeseen valtioon eik\u00e4 kest\u00e4v\u00e4\u00e4n kehitykseen wik\u00e4 kest\u00e4v\u00e4\u00e4n energiaan. Jo nyt tuulipoistoihin kaavoitetaan halpaa maata, ulkomaan sijoittajille, enemm\u00e4n kuin kaupungeissa on. Ja annetaan tukia ja etuisuuksia. Ruotsissa ym. n\u00e4kyy jo ep\u00e4kohtia.<br><br><strong>Suomen osaamista, koulutusta ja selviytymiskyky\u00e4 pit\u00e4\u00e4 parantaa.<\/strong> PISA ja osaaminen menev\u00e4t jo alasp\u00e4in 2000-luvulla. Se on Opetusministeri\u00f6n vastuulla. Keinoja on monia, mm. itseopiskelu, opintojen ohjaaminen, opetus, digikurssit, PD materiaalit, tunnetut toimivat menetelm\u00e4t, keskittyminen opiskeluun jne. Kouluista valmistuneilla on jo perusongelmia lukemisessa ja matematiikassa, mik\u00e4 on uutta. Erityisoppilaita on paljon. Pikkulasten varhaiskasvatus ei korjaa sit\u00e4 vaan isompien. Koulutuksella ja ty\u00f6paikoilla pit\u00e4\u00e4 olla yhteysty\u00f6t\u00e4 mm. ty\u00f6el\u00e4m\u00e4n vaatimuksista ja tarvittavista taidoista. Akateeminen maailmakin hy\u00f6tyisi. Jatkuva koulutus ja osaamiskeskittym\u00e4t ovat t\u00e4rkeit\u00e4 muutoksien takia. Pit\u00e4isi tukea j\u00e4rkevien tuotteiden kehityst\u00e4 ulkomaan myyntiin asti, eik\u00e4 arkistoon.<br><br><strong>Yleinen turvallisuuskin<\/strong> on jo vaarassa ja laiton elinkeino lis\u00e4\u00e4ntyy. Ilman todistuksia ei usein voi tehd\u00e4 t\u00f6it\u00e4, mik\u00e4 johtaa laittomuuksiin. Turvallisuuteen kuuluu ulkomailta tuleva uhka, haitta, vaikuttaminen ja diplomatia. T\u00e4ytyy ymm\u00e4rt\u00e4\u00e4 sit\u00e4. Ihan sinisilm\u00e4isesti ei voi toimia ja vain luottaa ihmisiin ja tarinoihin.<br><br><strong>Suomen yksi strategia on erikoisosaaminen, pienen\u00e4 pelurina.<\/strong> Suomi ei p\u00e4rj\u00e4\u00e4 halpamaana, peruskulutuksen takia. Suomi on kallis maa, eik\u00e4 halvan bulkin tuottaminen oikein onnistu kuin automaatiolla ja p\u00e4\u00e4omalla. P\u00e4\u00e4omat on verotettu yhteiskunnalle maailman huippuverotuksella. Nyt koko maailma ja poliitikot subventoi muodin mukaan vihre\u00e4\u00e4 taloutta. Yrityksien on vaikea menesty\u00e4 sellaisella markkinalla. Kannattaisi panostaa muualle. Yritystoiminta on avainasemassa saada Suomen talous ja elintaso taas kasvu-uralle, jolta pudottiin v.2008.<br><br><strong>Valtion politiikkaa ja taakkaa pit\u00e4\u00e4 kevent\u00e4\u00e4.<\/strong> Espoollakin on ollut n. 120 miljoonan krooninen vaje (-&gt;2022) ja 2-3%:n veronkorotuspaine. Valtionosuus p\u00e4\u00e4tet\u00e4\u00e4n eduskunnassa ja se m\u00e4\u00e4r\u00e4\u00e4 esim. Espoon talouden tuloksen. Sama on L\u00e4nsi-Uudellamaalla kunnissa. Uusia taakkoja on asetettu ja otettu. Valittujen edustajien pit\u00e4isi ajaa ja valvoa asioita. Uusimaa on tuottanut 40 % BKT:sta, mutta rahat h\u00e4vi\u00e4\u00e4 johonkin. Pit\u00e4\u00e4 parantaa rahan k\u00e4ytt\u00f6\u00e4, eik\u00e4 nostaa rahan ker\u00e4\u00e4mist\u00e4 kansalta.<br><br>Kunnat ja hyvinvointialueet ovat isoja julkisia asiakkaita. Paikalliset ostot auttaisivat taloutta ja ty\u00f6llisyytt\u00e4. IT:kin vaatisi kehityst\u00e4, mik\u00e4 maksaisi takaisin ty\u00f6tehon kautta.<br><br><strong>Sote-menot<\/strong> on arvioitu kasvavan 10 vuodessa 20 miljardista vuoteen 2030 menness\u00e4 28 mrd:iin. V.2023 kaikilla alueilla oli rahapula ja puuttui n 3 miljardia. V\u00e4est\u00f6 vanhenee ja ty\u00f6ss\u00e4k\u00e4yvien m\u00e4\u00e4r\u00e4 v\u00e4henee suhteessa tuen- ja el\u00e4kkeen saajiin. Suomalaisten hyvinvointi ja ty\u00f6kykyisyys pit\u00e4\u00e4 prorisoida.<\/p>\n\n\n\n<p class=\"wp-block-paragraph\"><strong>Suomi on antanut aivan liian halvalla oikeuksia luonnonvaroihinsa<\/strong> p\u00e4\u00e4asiassa ulkolaisille sijoittajille. <strong>Pit\u00e4isi s\u00e4\u00e4t\u00e4\u00e4 luonnonvaravero kun luonnonvaroja myyd\u00e4\u00e4n<\/strong>, mm. s\u00e4hk\u00f6markkinoiden vienti\u00e4 varten. Ettei myyd\u00e4 halvalla ja osteta kalliilla ja pumpata rahaa. N\u00e4it\u00e4 ovat kaivos-, pohjavesi, kaavoitus-, tuulivoima-, monopoli- ym. oikeudet. Tulos on pumpattu korkolaskuilla ulos. EU ja YK:kin haluaisi osansa Suomesta, jos ilmaiseksi annetaan. Suomen suurin kultakanta on maaper\u00e4ss\u00e4. Suomi ja Ruotsi ovat yhdess\u00e4 EU:n suurimmat kullan tuottajat, mutta se ei n\u00e4y veroina. Suomen <a href=\"https:\/\/kanerva.eu\/fi\/367\/kaivoslaki-pitaa-korjata\/\">lakia luonnonvaroista ja kaivoksista pit\u00e4\u00e4 korjata<\/a>.<\/p>\n\n\n\n<p class=\"wp-block-paragraph\" style=\"font-size:1.1em\"><br><strong>Sinulla on v\u00e4li\u00e4<\/strong>. Sin\u00e4 voi tehd\u00e4 muutoksen vaaleissa.  Mit\u00e4 sin\u00e4 korjaisit?<\/p>\n<\/div>\n<\/div><\/section>\n\n\n\n<section class=\"wp-block-uagb-container uagb-block-04af2233 alignfull uagb-is-root-container\">\n<div class=\"wp-block-uagb-container uag-hide-desktop uag-hide-tab uag-hide-mob uagb-block-e0d9fded\">\n<figure class=\"wp-block-image aligncenter size-full\"><img loading=\"lazy\" decoding=\"async\" width=\"800\" height=\"600\" src=\"data:image\/gif;base64,R0lGODlhAQABAAAAACH5BAEKAAEALAAAAAABAAEAAAICTAEAOw==\" alt=\"Espoo, Suomi, Perussuomalaiset, Jarmo Jussi Kanerva\" class=\"wp-image-7233 lazyload\" sizes=\"auto, (max-width: 800px) 100vw, 800px\" data-src=\"https:\/\/kanerva.eu\/fi\/wp-content\/uploads\/PS2-jarkea-800.jpg\" data-srcset=\"https:\/\/kanerva.eu\/fi\/wp-content\/uploads\/PS2-jarkea-800.jpg 800w, https:\/\/kanerva.eu\/fi\/wp-content\/uploads\/PS2-jarkea-800-300x225.jpg 300w, https:\/\/kanerva.eu\/fi\/wp-content\/uploads\/PS2-jarkea-800-768x576.jpg 768w\"><\/figure>\n<\/div>\n<\/section>\n\n\n\n<section class=\"wp-block-uagb-columns uagb-columns__wrap uagb-columns__background-color uagb-columns__stack-mobile uagb-columns__valign- uagb-columns__gap-0 alignfull uagb-block-f33d4432 uagb-columns__columns-1 uagb-columns__max_width-theme\"><div class=\"uagb-columns__overlay\"><\/div><div class=\"uagb-columns__inner-wrap uagb-columns__columns-1\">\n<div class=\"wp-block-uagb-column uagb-column__wrap uagb-column__background-color uagb-block-a954a40c\"><div class=\"uagb-column__overlay\"><\/div>\n<h2 class=\"wp-block-heading has-text-align-left has-ast-global-color-1-color has-text-color\"><strong>SUOMI,  EU JA MAAILMAA KUNTOON <\/strong><\/h2>\n\n\n\n<p class=\"wp-block-paragraph\"><strong>Nyt tarvitaan j\u00e4rkiper\u00e4ist\u00e4 toimintaa, oikeaa puhdasta ja ekologista siirtym\u00e4\u00e4. Eli sinivalkoista siirtym\u00e4\u00e4 eik\u00e4 rahojen kuppaamista ja talouden tuhoamista.<\/strong><br><br><strong>EU ja Suomi on siirtynyt 2023 tarkemman rahank\u00e4yt\u00f6n suuntaan.<\/strong> <br>Oleellisinta on tulos ja miten se ilmenee, eik\u00e4 juhlapuheet mm.rahan k\u00e4yt\u00f6st\u00e4.<br>2024 Suomi oli joutua EU:n tarkkailulistalle huonon taloutensa (2020-2023) takia. Velalla el\u00e4mist\u00e4 ei voinut en\u00e4\u00e4 jatkaa. Siksi uuden hallituksen piti leikata kuluja ja samalla j\u00e4rkiper\u00e4ist\u00e4\u00e4 toimintaa ja leikata pois tarpeetonta.<br><br><strong>Suomea korjataan.<\/strong> Talous muuttui, kun lainojen korot nousivat 2023. Raha ei tule ilmaiseksi, vaan velkana ja joku maksaa. Veronmaksajat maksavat. Kun enemmist\u00f6 el\u00e4\u00e4 tuilla ja puuhastelee, on peli menetetty. My\u00f6s ilmastotaakat kasvoivat. Nyt vihre\u00e4\u00e4 ja punaista siirtym\u00e4\u00e4 arvioidaan uudestaan ymp\u00e4ri EU:ta. Vihre\u00e4 yhteislainaraha meni etel\u00e4maiden elvytyspaketteihin ja muuille, ei luonnonsuojeluun. Oli totuttu lainaamaan ja jakamaan rahaa hurmamielisesti vihre\u00e4lle toiminnalle, sijoittajille ja medialle. Heille se oli win-win-win ja sin\u00e4 h\u00e4vi\u00e4t ja maksat puuhastelut. Vihre\u00e4n talouden ongelmat n\u00e4kyv\u00e4t ja tuntuvat nyt talous- ja energiakriisein\u00e4. <strong>EU:n Grean deal<\/strong> piristi valittujen taloutta, muttei kansat siin\u00e4 rikastuneet, ilmasto parantunut ja velat j\u00e4iv\u00e4t.  <\/p>\n\n\n\n<p class=\"wp-block-paragraph\"><strong>EU ei priorisoi luonnonsuojelua vaan er\u00e4iden etuja, rahaa ja ideoita.<\/strong> Halpoihin s\u00e4hk\u00f6autoihin ja aurinkopaneleihin ja tekniikkaan ja muihin on ly\u00f6ty 50% tullit ja verot p\u00e4\u00e4lle, joten niit\u00e4 ei k\u00e4ytet\u00e4. Biopolttoaineet on verotettu kalliimmiksi kuin fossiiliset, vaikka voisi ratkaista ilmasto-ongelmia. Yhteytt\u00e4v\u00e4t pellot ja mets\u00e4t halutaan ennallistaa ja vesitt\u00e4\u00e4, vaikka perustelut ovat puutteellliset. Sitten biopolttoaineita ei saada paikallisesti. Vanhat v\u00e4h\u00e4n k\u00e4ytetyt autot eiv\u00e4t paljoa p\u00e4\u00e4stele, mutta uusien valmistus p\u00e4\u00e4stelee. Laskelmat, suunnittelu ja todellisuus h\u00e4visi hurmahengess\u00e4. J\u00e4rki ei ole siin\u00e4 olellisin asia.<\/p>\n\n\n\n<p class=\"wp-block-paragraph\"><strong>Suomi liittyi v. 2023 Natoon<\/strong>, mik\u00e4 on voimakkain puolustusliitto ja turvatae. Oli pakko. Ven\u00e4j\u00e4 ty\u00f6nsi.  EU ei ole puolustusliitto ja on liian k\u00f6mpel\u00f6 ja sekava. Ulkovalloilla on vaikutuskanavansa.<\/p>\n\n\n\n<p class=\"wp-block-paragraph\"><strong>Suomen pit\u00e4\u00e4 hoitaa paremmin edunvalvontansa. <\/strong>Suomi neuvotteli historiassa suhteettoman isot taakat ja vastuut itselleen pienell\u00e4 \u00e4\u00e4nivallalla ja miellytt\u00e4m\u00e4ll\u00e4 muita. P\u00e4\u00e4tt\u00e4j\u00e4t ottivat taakkoja ja kuvittelivat parantavansa maailmaa. Kukaan ei noteeraa sit\u00e4 eik\u00e4 saa taivaspaikkaa n\u00f6yryytyksell\u00e4. Politiikka ei ole uskonto. Esimerkiksi n\u00f6yrtym\u00e4ll\u00e4 hiilisyntins\u00e4 t\u00e4hden ja esitt\u00e4m\u00e4ll\u00e4 rikasta maksajaa EU:ssa ja YK:n Ilmastosopimuksissa.<\/p>\n<\/div>\n<\/div><\/section>\n\n\n\n<section class=\"wp-block-uagb-columns uagb-columns__wrap uagb-columns__background-color uagb-columns__stack-mobile uagb-columns__valign- uagb-columns__gap-10 alignfull uagb-block-d147f212 uagb-columns__columns-2 uagb-columns__max_width-theme\"><div class=\"uagb-columns__overlay\"><\/div><div class=\"uagb-columns__inner-wrap uagb-columns__columns-2\">\n<div class=\"wp-block-uagb-column uagb-column__wrap uagb-column__background-color uagb-block-5d37bdce\"><div class=\"uagb-column__overlay\"><\/div>\n<figure class=\"wp-block-image aligncenter size-full\" style=\"margin-right:3px;margin-left:3px\"><img loading=\"lazy\" decoding=\"async\" width=\"720\" height=\"481\" src=\"data:image\/gif;base64,R0lGODlhAQABAAAAACH5BAEKAAEALAAAAAABAAEAAAICTAEAOw==\" alt=\"EU-parlamentti Brysseli\" class=\"wp-image-10945 lazyload\" sizes=\"auto, (max-width: 720px) 100vw, 720px\" data-src=\"https:\/\/kanerva.eu\/fi\/wp-content\/uploads\/IMG_1368-720-c.webp\" data-srcset=\"https:\/\/kanerva.eu\/fi\/wp-content\/uploads\/IMG_1368-720-c.webp 720w, https:\/\/kanerva.eu\/fi\/wp-content\/uploads\/IMG_1368-720-c-300x200.webp 300w, https:\/\/kanerva.eu\/fi\/wp-content\/uploads\/IMG_1368-720-c-391x260.webp 391w, https:\/\/kanerva.eu\/fi\/wp-content\/uploads\/IMG_1368-720-c-225x150.webp 225w\"><figcaption class=\"wp-element-caption\">Suomen edustajien pit\u00e4\u00e4 edustaa suomalaisten etuja EU:ssa, kuten muutkin tekev\u00e4t omiensa puolesta. My\u00f6s kunnissa ja valtiolla. Brysselin parlamenttissa vierailulla 2024.<\/figcaption><\/figure>\n<\/div>\n\n\n\n<div class=\"wp-block-uagb-column uagb-column__wrap uagb-column__background-color uagb-block-4e3c4d6b\"><div class=\"uagb-column__overlay\"><\/div>\n<figure class=\"wp-block-image aligncenter size-full\" style=\"margin-right:3px;margin-left:3px\"><img loading=\"lazy\" decoding=\"async\" width=\"600\" height=\"392\" src=\"data:image\/gif;base64,R0lGODlhAQABAAAAACH5BAEKAAEALAAAAAABAAEAAAICTAEAOw==\" alt=\"EU parlamentti Strasbour\" class=\"wp-image-10850 lazyload\" sizes=\"auto, (max-width: 600px) 100vw, 600px\" data-src=\"https:\/\/kanerva.eu\/fi\/wp-content\/uploads\/DSC00682-600.jpg\" data-srcset=\"https:\/\/kanerva.eu\/fi\/wp-content\/uploads\/DSC00682-600.jpg 600w, https:\/\/kanerva.eu\/fi\/wp-content\/uploads\/DSC00682-600-300x196.jpg 300w\"><figcaption class=\"wp-element-caption\">Suomi on EU:ssa, joten on vaikutettava p\u00e4\u00e4t\u00f6ksiin ja ker\u00e4tt\u00e4v\u00e4 tietoja. EU my\u00f6s jakaa paljon tukia maille palautuksina ja velkarahalla. T\u00e4rke\u00e4 on pit\u00e4\u00e4 hyvi\u00e4 yhteyksi\u00e4 eri organisaatiohin ja ihmisiin. Strasbourgin parlamentissa vierailulla 2019.<\/figcaption><\/figure>\n<\/div>\n<\/div><\/section>\n\n\n\n<section class=\"wp-block-uagb-columns uagb-columns__wrap uagb-columns__background-color uagb-columns__stack-mobile uagb-columns__valign- uagb-columns__gap-0 alignfull uagb-block-4130b4a6 uagb-columns__columns-1 uagb-columns__max_width-theme uag-hide-desktop uag-hide-tab uag-hide-mob\"><div class=\"uagb-columns__overlay\"><\/div><div class=\"uagb-columns__inner-wrap uagb-columns__columns-1\">\n<div class=\"wp-block-uagb-column uagb-column__wrap uagb-column__background-color uagb-block-ded0c625\"><div class=\"uagb-column__overlay\"><\/div>\n<p class=\"wp-block-paragraph\"><strong>EU on rakentanut keskusjohtoista, vallanhimoista  yhteiskuntaj\u00e4rjestelm\u00e4\u00e4 vuosikymmeni\u00e4<\/strong>, eli 2000-2023 ja viel\u00e4kin. Vihre\u00e4 siirtym\u00e4 yskii koko EU:ssa ja jopa Saksassa. Nykytilanteessa ja yhteisveloissa on ongelmia. Niiss\u00e4 ei huomioida Suomen erikoisuuksia mm. kylm\u00e4 ja laaja ymp\u00e4rist\u00f6 sek\u00e4 energiank\u00e4ytt\u00f6 ja BKT:n takana iso velanotto. Eurooppa on nyt heikko. Kuin olisi ulkovalloista vaikutettu. EU haluaa k\u00e4skytt\u00e4\u00e4 asioissa, joissa sill\u00e4 ei ole selv\u00e4\u00e4 toimivaltaa EU-sopimukista.. Suomen puolueet antavat periksi. Eu tuilla ostetaan politikkojen lojaliteettia tai painostetaan. EU:n yksituumaisuusvaatimusta yritet\u00e4\u00e4n muuttaa ensin enemmist\u00f6p\u00e4\u00e4t\u00f6ksiksi, jolloin Suomen (1,2%)  ja pienten valta h\u00e4vi\u00e4\u00e4 omiin asioihin. EU haluaisi saada verotusoikeuden ja p\u00e4\u00e4st\u00e4 eroon j\u00e4senmaiden demokratiasta ja ohjauksesta.<\/p>\n\n\n\n<p class=\"wp-block-paragraph\"><strong>Rahaa sy\u00f6vi\u00e4 agendoja EU:ssa ovat avoimet rajat, v\u00e4est\u00f6lis\u00e4ys ja sen maksaminen ja vihre\u00e4 siirtym\u00e4<\/strong>, mik\u00e4 liitet\u00e4\u00e4n ilmaston ja luonnon suojeluun. N\u00e4ist\u00e4 on syntynyt ongelmia, kuluja, uhkia, turvattomuutta ja pahoinvointia.<\/p>\n\n\n\n<p class=\"wp-block-paragraph\"><strong>Kontrollia<\/strong> tarvitaan sopivasti jo alueiden <strong>rajoilla turvallisuuden takia<\/strong>, ettei asiattomat tai laittomat uhkat, ihmiset, tai tavarat kulje rajan yli ja levi\u00e4 holtittomasti. Suomi ja kaupungit voivat vaikuttaa siihen mm. ohjaamalla vetovoimatekij\u00f6it\u00e4, kaupunkisuunnittelua ja etuisuuksien jakamisista. Espoon v\u00e4est\u00f6n kasvu (n. 97%) ja kulttuurin muutos, vuokratalojen lis\u00e4\u00e4ntyminen ja tiivis rakentaminen selittyi l\u00e4hes kokonaan sill\u00e4. Siihen liittyv\u00e4 julkinen liikenne, tarhat, koulut, rakennukset ovat yksi suurin lainojen syy miljardien kokoluokassa. Siirtolaisuutta ja energiariippuvutta on k\u00e4ytetty my\u00f6s v.2024 osaksi hybridisotaa ja p\u00e4\u00e4tt\u00e4jiin on vaikutettu. Epidemioita, aseita, rikollisia, kemikaaleja ja varastettua tavaraa kulkee rajojen yli.<\/p>\n\n\n\n<p class=\"wp-block-paragraph\"><strong>EU:n ilmastotavoitteet vaatisi vuosittain noin 1500 mrd investoinnit hiilineutralisuuteen<\/strong>, joten kyseess\u00e4 on isot intressit ja rahat jollekin (2024) [ <a href=\"https:\/\/www.ft.com\/content\/ababab4c-7d81-4e63-b48c-0c59b687b5f2\" data-type=\"link\" data-id=\"https:\/\/www.ft.com\/content\/ababab4c-7d81-4e63-b48c-0c59b687b5f2\" target=\"_blank\" rel=\"noreferrer noopener\">2<\/a> ].<strong> Suomelle <strong>tulisi<\/strong> lis\u00e4taakaksi 25 miljardia vuodessa<\/strong> [ <a href=\"https:\/\/www.suomenuutiset.fi\/vuodetun-laskelman-mukaan-eun-hiilineutraaliuustavoite-tulisi-suomelle-murskaavan-kalliiksi-25-miljardia-euroa-vuodessa\/\" data-type=\"link\" data-id=\"https:\/\/www.suomenuutiset.fi\/vuodetun-laskelman-mukaan-eun-hiilineutraaliuustavoite-tulisi-suomelle-murskaavan-kalliiksi-25-miljardia-euroa-vuodessa\/\" target=\"_blank\" rel=\"noreferrer noopener\">3<\/a> ]. Mik\u00e4 on sotekulujen verran, bkt:n mukaan laskettuna. EU:n suuret p\u00e4\u00e4t\u00f6kset on tehty edesvastuuttomasti tiet\u00e4m\u00e4tt\u00e4 mit\u00e4 p\u00e4\u00e4tet\u00e4\u00e4n, miten se toteutetaan ja paljonko se maksaa, kun j\u00e4lkik\u00e4teen selvitet\u00e4\u00e4n. <\/p>\n\n\n\n<p class=\"wp-block-paragraph\"><strong>EU:n ja muiden etu ei ole aina Suomen etu,<\/strong> kun on kyse rahasta ja taakasta. Suomen EU-puolueet tukivat Suomen rahojen ja oikeuksien siirtoa muille ja hy\u00f6tyiv\u00e4t siit\u00e4. EU:n roolina piti olla j\u00e4senmaiden demokraattinen liitto eik\u00e4 diktatoiva keskushallinto.<\/p>\n\n\n\n<p class=\"wp-block-paragraph\"><strong>Suomen \u00e4\u00e4nivalta on vain 1,2% EU:ssa.<\/strong> Vuoden 2023 Suomen v\u00e4kiluku oli 5 603 075 ja EU:n 448 400 000. Suomi ei ole suurvalta, eik\u00e4 pysty kantamaan kokoaan suurempaa taakkaa. Hiilip\u00e4\u00e4st\u00f6ist\u00e4 on n. 0,1% globaalisti, mik\u00e4 on v\u00e4h\u00e4n. Suomella on EU:n eniten mets\u00e4\u00e4 ja vihre\u00e4\u00e4 alaa henke\u00e4 kohden. Ja Suomella on my\u00f6s eniten rauhoitettua mets\u00e4\u00e4 absoluuttisesti ja suhteellisesti. Silti EU:ssa Suomea ei lueta (EU Lulufc) hiilinieluksi, vaikka Nasan satelliittitutkimuksessa on niin. [<a href=\"https:\/\/kanerva.eu\/fi\/2477\/suomen-hiilitase-lasketaan-vaarin\/\" target=\"_blank\" rel=\"noreferrer noopener\">Blogissa hiilitase<\/a>]<\/p>\n\n\n\n<p class=\"wp-block-paragraph\"><strong>YK ja Agenda 2030<\/strong><br>Monet EU keskusvallalle my\u00f6nteisten puolueiden agendat pohjautuvat EU:n ja YK:n agendoihin, kuten Agenda 2030. YK:ssa v\u00e4kirikkailla mailla ja sijoittajillakin on suuri \u00e4\u00e4nivalta. Muut mielell\u00e4\u00e4n jakaisivat rikkaiden maiden rahat ja vallan, vaikka \u00e4\u00e4nest\u00e4m\u00e4ll\u00e4 niin, jos olisi oikeus siihen. Ilmastosopimuksilla kalastellaan ottaisiko joku maksutaakkoja ja antaisiko joku yksipuolisesti. P\u00e4\u00e4asiassa keskusteluissa aina on raha, ei p\u00e4\u00e4stelyt. P\u00e4\u00e4st\u00f6t lis\u00e4\u00e4ntyv\u00e4t nimenomaan kehittyviss\u00e4 maissa. Samalla sijoittajat p\u00e4\u00e4sev\u00e4t mukaan rahoihin. Siit\u00e4 on johdettu Vihre\u00e4 rahan ja vallan globaali liike, \u2019vihre\u00e4 siirtym\u00e4\u2019. Rahaa jaettiin tukina ja lainoina mukana oleville, l\u00f6yh\u00e4lle jengille, sijoittajille, isoille EU:n j\u00e4senille ja p\u00e4\u00e4tt\u00e4jille ja puolueiden projekteille. Luku on tuhansia miljardeja EU:ssa.<br>Yll\u00e4olevista syist\u00e4 johtuen  vuosi 2025 n\u00e4ytt\u00e4ytyy erilaisena. USA lopetti YKn er\u00e4iden projektien rahoittamisen, mihin se ei usko. Ja muita on tehnyt saman. Ilman rahaa ei voi tehd\u00e4. Voimakas palaute saattaa korjata asioita.<\/p>\n\n\n\n<p class=\"wp-block-paragraph\">Blogi <a href=\"https:\/\/kanerva.eu\/fi\/9606\/suomi-eussa-ja-maailmassa-2024\/\" target=\"_blank\" rel=\"noreferrer noopener\">Suomi EU:ssa ja maailmassa<\/a>.<br>.<\/p>\n\n\n\n<p class=\"wp-block-paragraph\">Blogi <a href=\"https:\/\/kanerva.eu\/fi\/9622\/perussuomalaiset-diplomatia-ja-tulokset-v-2024\/\" target=\"_blank\" rel=\"noreferrer noopener\">Perussuomalaiset, diplomatia ja tulokset<\/a><\/p>\n<\/div>\n<\/div><\/section>\n\n\n\n<section class=\"wp-block-uagb-columns uagb-columns__wrap uagb-columns__background-color uagb-columns__stack-mobile uagb-columns__valign-center uagb-columns__gap-10 alignfull uagb-block-377d9ea0 uagb-columns__columns-1 uagb-columns__max_width-theme\"><div class=\"uagb-columns__overlay\"><\/div><div class=\"uagb-columns__inner-wrap uagb-columns__columns-1\">\n<div class=\"wp-block-uagb-column uagb-column__wrap uagb-column__background-color uagb-block-956cbb30\"><div class=\"uagb-column__overlay\"><\/div>\n<figure class=\"wp-block-image aligncenter size-large is-resized\"><img loading=\"lazy\" decoding=\"async\" width=\"754\" height=\"1024\" src=\"data:image\/gif;base64,R0lGODlhAQABAAAAACH5BAEKAAEALAAAAAABAAEAAAICTAEAOw==\" alt=\"Suomen neitoa uhkaa Ven\u00e4\u00e4n kotka -taulu\" class=\"wp-image-5586 lazyload\" style=\"width:575px\" sizes=\"auto, (max-width: 754px) 100vw, 754px\" data-src=\"https:\/\/kanerva.eu\/fi\/wp-content\/uploads\/DSC00115-1280-754x1024.jpg\" data-srcset=\"https:\/\/kanerva.eu\/fi\/wp-content\/uploads\/DSC00115-1280-754x1024.jpg 754w, https:\/\/kanerva.eu\/fi\/wp-content\/uploads\/DSC00115-1280-221x300.jpg 221w, https:\/\/kanerva.eu\/fi\/wp-content\/uploads\/DSC00115-1280-768x1042.jpg 768w, https:\/\/kanerva.eu\/fi\/wp-content\/uploads\/DSC00115-1280-225x305.jpg 225w, https:\/\/kanerva.eu\/fi\/wp-content\/uploads\/DSC00115-1280-300x407.jpg 300w, https:\/\/kanerva.eu\/fi\/wp-content\/uploads\/DSC00115-1280.jpg 943w\"><\/figure>\n\n\n\n<p class=\"has-text-align-center has-white-color has-text-color has-link-color wp-elements-bc29fd7e46f2b749406f9a42a5c180ee wp-block-paragraph\" style=\"font-size:19px\"><strong>Pidet\u00e4\u00e4n kiinni suomalaisten oikeuksista ja hyvinvoinnista<\/strong><\/p>\n<\/div>\n<\/div><\/section>\n\n\n\n<section class=\"wp-block-uagb-columns uagb-columns__wrap uagb-columns__background-gradient uagb-columns__stack-mobile uagb-columns__valign- uagb-columns__gap-10 alignfull uagb-block-c567eae4 uagb-columns__columns-1 uagb-columns__max_width-theme uag-hide-desktop uag-hide-tab uag-hide-mob\"><div class=\"uagb-columns__overlay\"><\/div><div class=\"uagb-columns__inner-wrap uagb-columns__columns-1\">\n<div class=\"wp-block-uagb-column uagb-column__wrap uagb-column__background-undefined uagb-block-68ffee47\"><div class=\"uagb-column__overlay\"><\/div>\n<p class=\"has-text-align-center wp-block-paragraph\" style=\"font-size:1.1em\"><strong>\u00c4l\u00e4 kysy mit\u00e4 maa voi tehd\u00e4 sinun puolestasi, vaan <\/strong><br><strong>miten me voimme yhdess\u00e4 rakentaa paremman kotiseudun sinulle ja perheellesi. <\/strong><br><br>Minulla on unelma kotiseudusta, joka on turvallinen, toimiva ja onnellinen. <br><br><strong>Voit tukea toimintaani \u00e4\u00e4nell\u00e4si.<\/strong> <br>Tule mukaan talkoisiin korjaamaan kotiseutusi!<\/p>\n\n\n\n<figure class=\"wp-block-image aligncenter size-full\"><img loading=\"lazy\" decoding=\"async\" width=\"178\" height=\"90\" src=\"data:image\/gif;base64,R0lGODlhAQABAAAAACH5BAEKAAEALAAAAAABAAEAAAICTAEAOw==\" alt=\"ps logo\" class=\"wp-image-2887 lazyload\" data-src=\"https:\/\/kanerva.eu\/fi\/wp-content\/uploads\/2020\/08\/peruss_logo_rgb-e1594458156170.jpg\"><\/figure>\n<\/div>\n<\/div><\/section>\n\n\n\n<section class=\"wp-block-uagb-columns uagb-columns__wrap uagb-columns__background-color uagb-columns__stack-mobile uagb-columns__valign- uagb-columns__gap-10 alignfull uagb-block-eeb2cb63 uagb-columns__columns-1 uagb-columns__max_width-theme\"><div class=\"uagb-columns__overlay\"><\/div><div class=\"uagb-columns__inner-wrap uagb-columns__columns-1\">\n<div class=\"wp-block-uagb-column uagb-column__wrap uagb-column__background-undefined uagb-block-13682025\"><div class=\"uagb-column__overlay\"><\/div>\n<h2 class=\"wp-block-heading\"><strong>Arvoja<\/strong><\/h2>\n\n\n\n<p class=\"wp-block-paragraph\">&#8221;<strong>T<\/strong>\u00e4rkeint\u00e4 on se, miten se ilmenee. Ei se, mit\u00e4 on sanottu tai aiottu.&#8221;<\/p>\n\n\n\n<p class=\"wp-block-paragraph\">&#8221;Hyv\u00e4 ja paha sek\u00e4 etu ja haitta riippuvat siit\u00e4, kenen kannalta asiaa katsotaan.&#8221;<\/p>\n\n\n\n<p class=\"wp-block-paragraph\">&#8221;Pit\u00e4\u00e4 huomioida kaikkia. Ei pelk\u00e4st\u00e4\u00e4n meluisia. Suurin osa on hiljaisia puurtajia.&#8221;<\/p>\n<\/div>\n<\/div><\/section>\n\n\n\n<section class=\"wp-block-uagb-columns uagb-columns__wrap uagb-columns__background-color uagb-columns__stack-mobile uagb-columns__valign- uagb-columns__gap-10 alignfull uagb-block-4e0261ec uagb-columns__columns-1 uagb-columns__max_width-theme uag-hide-desktop uag-hide-tab uag-hide-mob\"><div class=\"uagb-columns__overlay\"><\/div><div class=\"uagb-columns__inner-wrap uagb-columns__columns-1\">\n<div class=\"wp-block-uagb-column uagb-column__wrap uagb-column__background-undefined uagb-block-36a7ad06\"><div class=\"uagb-column__overlay\"><\/div>\n<figure class=\"wp-block-image size-medium is-resized uag-hide-desktop uag-hide-tab uag-hide-mob\"><img loading=\"lazy\" decoding=\"async\" width=\"300\" height=\"291\" src=\"data:image\/gif;base64,R0lGODlhAQABAAAAACH5BAEKAAEALAAAAAABAAEAAAICTAEAOw==\" alt=\"j\u00e4rjell\u00e4 ja syd\u00e4mell\u00e4\" class=\"wp-image-4389 lazyload\" style=\"width:155px;height:155px\" sizes=\"auto, (max-width: 300px) 100vw, 300px\" data-src=\"https:\/\/kanerva.eu\/fi\/wp-content\/uploads\/sydanaivotkilpi4c-400b-300x291.jpg\" data-srcset=\"https:\/\/kanerva.eu\/fi\/wp-content\/uploads\/sydanaivotkilpi4c-400b-300x291.jpg 300w, https:\/\/kanerva.eu\/fi\/wp-content\/uploads\/sydanaivotkilpi4c-400b.jpg 400w\"><\/figure>\n\n\n\n<h2 class=\"wp-block-heading\"><strong>TODELLISUUDENTAJUA<\/strong><\/h2>\n\n\n\n<p class=\"wp-block-paragraph\"><strong>Mahtipontiset poliittiset p\u00e4\u00e4t\u00f6stekstit aiheuttavat valtavia ep\u00e4selvyyksi\u00e4 ja suuria kuluja. P\u00e4\u00e4s\u00e4\u00e4nt\u00f6isesti silloin ei tiedet\u00e4 keinoja, eik\u00e4 voida laskea mit\u00e4 se maksaa. <\/strong> Vaadin p\u00e4\u00e4t\u00f6ksiin realistisen ratkaisun ja raamit, tavoitteen ja seurannan ja vaikutusten arvioinnin. <\/p>\n\n\n\n<p class=\"wp-block-paragraph\"><strong>P\u00e4\u00e4t\u00f6kset ja taakat on ty\u00f6nnetty suomalaisten harteille<\/strong>. Kuten itse valitut ylim\u00e4\u00e4r\u00e4iset maksut. Suomessa ollaan oltu vuosikymmeni\u00e4 tarinoissaan maailmanmestareita ja edell\u00e4k\u00e4vij\u00e4, mik\u00e4 tuli kalliiksi. Hyv\u00e4t tulokset vain puuttuvat. Suomi neuvottelee 1,2% \u00e4\u00e4nell\u00e4\u00e4n huonosti EU:ssa.<br><br><strong>Neuvotteluissa ei kannata leikki\u00e4 rikasta ja mukavaa muiden rahoilla tai saa maksaa ja vastata.<\/strong><\/p>\n\n\n\n<p class=\"wp-block-paragraph\"><strong>Tuloksia<\/strong>. Jo v. 2023 Suomen julkinen velka oli yli 207 mrd \u20ac. Talouskasvussa Suomi sai jumbo-mitalin 2008-2023. Espoo on Suomen velkaisin ja tulos riippuu p\u00e4\u00e4asaiassa valtionavusta, joka saadaan takaisin alueen veroista. Sote-uudistuksessa 2023 tilanne paheni kun tuloja katosi enemm\u00e4n kuin tuloja. Samaan aikaan verotulot v\u00e4heniv\u00e4t  v.2023. Eduskunta on vienyt Espoosta yli 10 mrd 15 vuodessa muualle Suomeen, jolla Espoo ei olisi velkainen ja olisi voitu maksaa tarvittavat investoinnit. Vuonna 2024 ja 2025 tulos (k\u00e4ytt\u00f6kate) tulee olemaan l\u00e4hell\u00e4 nollaa ja joudutaan lainaamaan. Espoon kasvu on Suomen suurinta v\u00e4est\u00f6n osalta ja nielee rahaa, kouluja ja p\u00e4iv\u00e4koteja. V\u00e4est\u00f6nkasvusta pieni osa tekee t\u00f6it\u00e4 ja tuo veroja ja suurin osa vie. Valtion pit\u00e4isi kompensoida projektinsa. Tarinoissa oli paljon parempaa.<\/p>\n\n\n\n<p class=\"wp-block-paragraph\"><strong>Nyt tarvitaan korjaussarja korjaamaan itse aiheutetut ongelmat.<\/strong> Verot ja maksut nousivat ihan odotetusti. Julkisista rahaa valuu vihersiirtym\u00e4\u00e4n, tukiin ja taakkoihin, mm. kalliimpiin s\u00e4hk\u00f6autoihin, energian maksuihin, vaatimuksiin, lainojen korkoihin. <br><br>Muualla EU:ssa talouskasvu on ollut nopeampaa kuin Suomessa yli vuosikymmenen. Hiilitaselaskenta, mets\u00e4t ja luonnonvarat, p\u00e4\u00e4st\u00f6kauppa, energial\u00e4hteet, energiavarmuus, huoltovarmuus ja talous on huonontunut v. 2023 asti.<\/p>\n\n\n\n<p class=\"wp-block-paragraph\"><strong>Suomella ja Espoolla on maailman kunnianhimoisin ja fanaattisin ilmastosuunnitelma<\/strong>. Se tuli kalliiksi ja hankalaksi ja sis\u00e4lt\u00e4\u00e4 suuret riskit ja taakat. Jo tehtyj\u00e4 ilmastotekoja ei ole huomioitu huomioitu uusissa prosenttisopimuksissa. Suomen p\u00e4\u00e4st\u00f6t on alle 0,1% maailmassa. Suomen luonto saattaa jopa ime\u00e4 muiden p\u00e4\u00e4st\u00f6t.<\/p>\n\n\n\n<p class=\"wp-block-paragraph\"><strong>YK ja EU:n ilmastosopimus 2023<\/strong> nollasi taaskin Suomen jo tekem\u00e4t raskaat p\u00e4\u00e4st\u00f6v\u00e4hennykset 2019 tasoon, josta pit\u00e4\u00e4 v\u00e4hent\u00e4\u00e4 taas uudelleen yli 40 % prosenttisopimuksissa. Se ei huomioi jo tehty\u00e4 ja absoluuttista tasoa. Muut ovat kasvattaneet p\u00e4\u00e4st\u00f6j\u00e4 valtavasti ja ohittaneet sopimukset. Sit\u00e4 ep\u00e4reiluutta ei purnata Suomessa, vaan ilmastohuolestuneet  ajavat tiukempaa linjaa. EU kielt\u00e4\u00e4 ainoana polttomoottorit ja tunkee Suomelle lis\u00e4taakkoja luonnosta, jota on eniten henke\u00e4 kohden EU:ssa.<\/p>\n\n\n\n<p class=\"wp-block-paragraph\">Muita hy\u00f6dytt\u00e4v\u00e4n YK:n Ilmaston ja Agenda 2030 alttarille on jo uhrattu sokeasti Suomen ja ihmisten talous ja tulevaisuus ja kilpailukyky. 2024 vuonna vuosi julkisuuteen hiilineutraalisyystavoitteen EU:n arvioima py\u00f6rrytt\u00e4v\u00e4 1500 mrd\/v EU:lle ja 25 mrd\/v Suomelle kuluarvio. N\u00e4it\u00e4 agendan tietoja ei haluttu aiemmin selvitt\u00e4\u00e4, vaikka moni vaati faktoja p\u00e4\u00e4t\u00f6ksen tueksi.<\/p>\n\n\n\n<div class=\"wp-block-esab-accordion accordion-a041d0b6\" data-mode=\"global\" data-close=\"true\"><div class=\"esab__container\">\n<div class=\"wp-block-esab-accordion-child\"><div class=\"esab__head esab__head_reverse\" role=\"button\" aria-expanded=\"false\"><div class=\"esab__heading_txt\"><p class=\"esab__heading_tag\"><strong>LUE LIS\u00c4\u00c4<\/strong> klikkaamalla t\u00e4st\u00e4<\/p><\/div><div class=\"esab__icon\"><div class=\"esab__collapse\"> <svg version=\"1.2\" viewBox=\"0 0 24 24\" width=\"24\" height=\"24\"><path fill-rule=\"evenodd\" d=\"m3.5 20.5c-4.7-4.7-4.7-12.3 0-17 4.7-4.7 12.3-4.7 17 0 4.6 4.7 4.6 12.3 0 17-4.7 4.6-12.3 4.6-17 0zm0.9-0.9c4.2 4.2 11 4.2 15.2 0 4.2-4.2 4.2-11 0-15.2-4.2-4.3-11-4.3-15.2 0-4.3 4.2-4.3 11 0 15.2z\"><\/path><path d=\"m11.4 15.9v-3.3h-3.3c-0.3 0-0.6-0.3-0.6-0.6 0-0.4 0.3-0.6 0.6-0.6h3.3v-3.3c0-0.3 0.3-0.6 0.6-0.6 0.3 0 0.6 0.3 0.6 0.6v3.3h3.3c0.3 0 0.6 0.2 0.6 0.6q0 0.2-0.2 0.4-0.2 0.2-0.4 0.2h-3.3v3.3q0 0.2-0.2 0.4-0.2 0.2-0.4 0.2c-0.4 0-0.6-0.3-0.6-0.6z\"><\/path><\/svg> <\/div><div class=\"esab__expand\"> <svg version=\"1.2\" viewBox=\"0 0 24 24\" width=\"24\" height=\"24\"><path fill-rule=\"evenodd\" d=\"m12 24c-6.6 0-12-5.4-12-12 0-6.6 5.4-12 12-12 6.6 0 12 5.4 12 12 0 6.6-5.4 12-12 12zm10.6-12c0-5.9-4.7-10.6-10.6-10.6-5.9 0-10.6 4.7-10.6 10.6 0 5.9 4.7 10.6 10.6 10.6 5.9 0 10.6-4.7 10.6-10.6z\"><\/path><path d=\"m5.6 11.3h12.8v1.4h-12.8z\"><\/path><\/svg> <\/div><\/div><\/div><div class=\"esab__body\">\n<p class=\"wp-block-paragraph\">Edes v. 2022 kriisi ja Suomen haavoittuvuus Ven\u00e4j\u00e4n energiasta ei saanut p\u00e4\u00e4tt\u00e4ji\u00e4 uudelleenarvioimaan hiilineutraalisuusvaatimusta 2030, vaikka ratkaisuja ei ole ja p\u00e4\u00e4t\u00f6kset vaarantavat turvallisuutta. EU:ssa tavoite on 2050. Taustalla on Agenda 2030 ja uudenlaisen yhteiskuntaj\u00e4rjestelm\u00e4n luominen. T\u00e4st\u00e4 tulee Espoon 2030 hiilineutraalisuustavoite. Tarinoista puuttuu, mist\u00e4 saadaan halpaa ja varmaa perusenergiaa, jota nyt puuttuu. <\/p>\n\n\n\n<p class=\"wp-block-paragraph\"><strong>Visiot, toivomukset ja pakolliset vaatimukset ovat usein eri asioita.<\/strong> Ne sotkemalla sotketaan organisaation toimintaa. Visioit ja toivomukset ovat usein kalliita ja ty\u00f6l\u00e4it\u00e4. P\u00e4\u00e4t\u00f6ksiss\u00e4 on liian usein poliittisia mainoksia. Fantasialla on oma kohtansa kirjastossa. Osa p\u00e4\u00e4t\u00f6ksist\u00e4 ei ole mitattavissa tai seurattavissa. Vakioretoriikka, ilmasto ja yhdenvertaisuus ja sivuseikat ym., isket\u00e4\u00e4n mukaan kaikkiin p\u00e4\u00e4t\u00f6ksiin ja n\u00e4perret\u00e4\u00e4n. Suomea ei rakennettu, eik\u00e4 korjata n\u00e4pert\u00e4m\u00e4ll\u00e4.<\/p>\n\n\n\n<p class=\"wp-block-paragraph\"><strong>Esimerkiksi ongelmista on esitystalous<\/strong>. Esimerkiksi opportunistien tuttu \u00e4\u00e4nten kalastelu, joissa edustaja ja Suomi on suurvalta, Euroopan tai Pohjolan paras, esimerkkin\u00e4 muillekin, \u00f6kyrikkaan rahan levittely ja liiallinen vieraskoreus. P\u00e4\u00e4tt\u00e4j\u00e4t uhoavat olevansa maailman ensimm\u00e4inen hiilineutraali maa v.2030, johon ei ole realistisia keinoja eik\u00e4 laskelmia. Ongelmana on bioenergian kiellot, liiallinen luonnon, rakennusten ja muun suojelu, fantasiat ja tarinat.<\/p>\n\n\n\n<p class=\"wp-block-paragraph\">Ylti\u00f6p\u00e4iset ilmastop\u00e4\u00e4t\u00f6kset haittaavat hajanaisen Suomen toimintaa ja kaikille sujuvaa liikennett\u00e4. Se on vastoin YK:n Kest\u00e4v\u00e4n kehityksen agendaa, edullista energiaa ja toimivaa infraa [<a href=\"https:\/\/kanerva.eu\/fi\/5954\/\" data-type=\"link\" data-id=\"https:\/\/kanerva.eu\/fi\/5954\/\" target=\"_blank\" rel=\"noreferrer noopener\">blogi<\/a>]. P\u00e4\u00e4t\u00f6ksiss\u00e4 on usein p\u00e4\u00e4asiassa raha jollekin eik\u00e4 suojelu. L\u00e4nsi-Uusimaa on keskim\u00e4\u00e4rin hajanainen. Joukkoliikenne ei palvele kaikkia, esimerkiksi hajanaiset asuinalueet. Viimeinen kilometri tai sata metri\u00e4 ei toimi. Se ei palvele huonosti liikkuvia eik\u00e4 kiireisi\u00e4 ja tekevi\u00e4 ihmisi\u00e4. Polkupy\u00f6r\u00e4 ei liikuta sateessa ja kylm\u00e4ss\u00e4 ja vanhempia, 80% ajasta. Nyt ja arvio jatkosta on 9% kuljetuista matkoista on py\u00f6r\u00e4ll\u00e4 ja tuskin lis\u00e4\u00e4ntyy. Skuuttereilla my\u00f6s kuljetaaan, mutta py\u00f6r\u00e4 ei toimi mm. busseilla. Kotimaisen energian kielt\u00e4minen haittaa ihmisi\u00e4 ja valtion kauppatasetta ja energiavarmuutta. Suomella on omaa bioenergiaa, jota ei saa tai voi k\u00e4ytt\u00e4\u00e4 edes kriisiss\u00e4. Blogeissani on paljon lis\u00e4\u00e4 n\u00e4ist\u00e4 aiheista.<\/p>\n<\/div><\/div>\n<\/div><\/div>\n<\/div>\n<\/div><\/section>\n\n\n\n<section class=\"wp-block-uagb-columns uagb-columns__wrap uagb-columns__background-color uagb-columns__stack-mobile uagb-columns__valign- uagb-columns__gap-10 alignfull uagb-block-2fa450ee uagb-columns__columns-2 uagb-columns__max_width-theme\"><div class=\"uagb-columns__overlay\"><\/div><div class=\"uagb-columns__inner-wrap uagb-columns__columns-2\">\n<div class=\"wp-block-uagb-column uagb-column__wrap uagb-column__background-color uagb-block-8b45e0a8\"><div class=\"uagb-column__overlay\"><\/div>\n<figure class=\"wp-block-image aligncenter size-full\"><img loading=\"lazy\" decoding=\"async\" width=\"600\" height=\"400\" src=\"data:image\/gif;base64,R0lGODlhAQABAAAAACH5BAEKAAEALAAAAAABAAEAAAICTAEAOw==\" alt=\"Jussi Jarmo  Kanerva espoo, suomi, vihre\u00e4 siirtym\u00e4, ilmasto, korona\" class=\"wp-image-5469 lazyload\" sizes=\"auto, (max-width: 600px) 100vw, 600px\" data-src=\"https:\/\/kanerva.eu\/fi\/wp-content\/uploads\/IMG_0049-600.jpg\" data-srcset=\"https:\/\/kanerva.eu\/fi\/wp-content\/uploads\/IMG_0049-600.jpg 600w, https:\/\/kanerva.eu\/fi\/wp-content\/uploads\/IMG_0049-600-300x200.jpg 300w, https:\/\/kanerva.eu\/fi\/wp-content\/uploads\/IMG_0049-600-391x260.jpg 391w\"><figcaption class=\"wp-element-caption\">Vaalipy\u00f6r\u00e4 jalkautui turvallisesti ja ekologisesti. Py\u00f6r\u00e4ily on<br> sosiaalinen ja leppoisa vaihtoehto kauniina p\u00e4ivin\u00e4.<\/figcaption><\/figure>\n<\/div>\n\n\n\n<div class=\"wp-block-uagb-column uagb-column__wrap uagb-column__background-color uagb-block-a29a9efb\"><div class=\"uagb-column__overlay\"><\/div>\n<figure class=\"wp-block-image aligncenter size-full\"><img loading=\"lazy\" decoding=\"async\" width=\"600\" height=\"400\" src=\"data:image\/gif;base64,R0lGODlhAQABAAAAACH5BAEKAAEALAAAAAABAAEAAAICTAEAOw==\" alt=\"Suomi elinvoimaiseksi , ilo, elinvoima\" class=\"wp-image-2882 lazyload\" sizes=\"auto, (max-width: 600px) 100vw, 600px\" data-src=\"https:\/\/kanerva.eu\/fi\/wp-content\/uploads\/2020\/08\/IMG_2459c-1.jpg\" data-srcset=\"https:\/\/kanerva.eu\/fi\/wp-content\/uploads\/2020\/08\/IMG_2459c-1.jpg 600w, https:\/\/kanerva.eu\/fi\/wp-content\/uploads\/2020\/08\/IMG_2459c-1-300x200.jpg 300w, https:\/\/kanerva.eu\/fi\/wp-content\/uploads\/2020\/08\/IMG_2459c-1-391x260.jpg 391w, https:\/\/kanerva.eu\/fi\/wp-content\/uploads\/2020\/08\/IMG_2459c-1-225x150.jpg 225w\"><figcaption class=\"wp-element-caption\">   Suomi elinvoimaiseksi ja onnelliseksi. <br>   Puurtajat ja teot py\u00f6ritt\u00e4v\u00e4t Suomea.<\/figcaption><\/figure>\n<\/div>\n<\/div><\/section>\n\n\n\n<div class=\"wp-block-uagb-container uagb-block-f182401e alignfull uagb-is-root-container\"><div class=\"uagb-container-inner-blocks-wrap\">\n<p class=\"wp-block-paragraph\">hashtag : #l\u00e4nsiuusimaa,  #espoo, #kauniainen, #kirkkonummi, #vihti, #lohja, #karkkila, #raasepori, #hanko, #inkoo, #siuntio, #jarmokanerva<\/p>\n<\/div><\/div>\n\n\n\n<p class=\"wp-block-paragraph\"><\/p>\n","protected":false},"excerpt":{"rendered":"<p>TAVOITTEITANI \u2780 SINUN ASIALLASI \u27a4 Valvotaan rahoja ja toimintaa \u27a4 Etujesi valvontaa\u27a4 J\u00e4rkevi\u00e4 p\u00e4\u00e4t\u00f6ksi\u00e4 \u27a4 Omat liiat veromiljoonat takaisin valtiolta. Niill\u00e4 palvelut. Ei verokorotuksia. TAVOITTEET KUNNASSA: \u2781 SUOMI ELINVOIMAISEKSI \u27a4 Koulut ja aikuisopiskelu kuntoon\u27a4 Ty\u00f6paikka- ja yritysyst\u00e4v\u00e4llinen kaupunki\u27a4 Toimiva ja mukava kaupunki\u27a4 Kuunnellaan asukkaita\u27a4 J\u00e4rkev\u00e4\u00e4 luonnonsuojelua\u27a4 Sivistys, vapaa-aika, liikunta\u27a4 Hy\u00f6tyj\u00e4 kansainv\u00e4lisyydest\u00e4, EU-tuet\u27a4 Ennakoiva turvallisuus \u2782 PALVELUT [&hellip;]<\/p>\n","protected":false},"author":1,"featured_media":0,"parent":0,"menu_order":0,"comment_status":"closed","ping_status":"closed","template":"","meta":{"_uag_custom_page_level_css":"","_crdt_document":"","site-sidebar-layout":"default","site-content-layout":"default","ast-site-content-layout":"normal-width-container","site-content-style":"boxed","site-sidebar-style":"default","ast-global-header-display":"","ast-banner-title-visibility":"","ast-main-header-display":"","ast-hfb-above-header-display":"","ast-hfb-below-header-display":"","ast-hfb-mobile-header-display":"","site-post-title":"","ast-breadcrumbs-content":"","ast-featured-img":"","footer-sml-layout":"","ast-disable-related-posts":"","theme-transparent-header-meta":"default","adv-header-id-meta":"5537","stick-header-meta":"default","header-above-stick-meta":"","header-main-stick-meta":"","header-below-stick-meta":"","astra-migrate-meta-layouts":"set","ast-page-background-enabled":"enabled","ast-page-background-meta":{"desktop":{"background-color":"var(--ast-global-color-8)","background-repeat":"repeat","background-position":"center center","background-size":"auto","background-attachment":"scroll","background-media":"[object Undefined]","overlay-type":"none","overlay-color":"","overlay-gradient":"","background-type":"color","background-image":"https:\/\/kanerva.eu\/fi\/wp-content\/uploads\/bg55-45c-030303-545400.png"},"tablet":{"background-color":"","background-image":"","background-repeat":"repeat","background-position":"center center","background-size":"auto","background-attachment":"scroll","background-type":"","background-media":"","overlay-type":"","overlay-color":"","overlay-gradient":""},"mobile":{"background-color":"","background-image":"","background-repeat":"repeat","background-position":"center center","background-size":"auto","background-attachment":"scroll","background-type":"","background-media":"","overlay-type":"","overlay-color":"","overlay-gradient":""}},"ast-content-background-meta":{"desktop":{"background-color":"var(--ast-global-color-8)","background-repeat":"repeat","background-position":"center center","background-size":"auto","background-attachment":"scroll","background-type":"color","background-media":"[object Undefined]","overlay-type":"none","overlay-color":"","overlay-gradient":""},"tablet":{"background-color":"var(--ast-global-color-5)","background-image":"","background-repeat":"repeat","background-position":"center center","background-size":"auto","background-attachment":"scroll","background-type":"color","background-media":"","overlay-type":"","overlay-color":"","overlay-gradient":""},"mobile":{"background-color":"var(--ast-global-color-5)","background-image":"","background-repeat":"repeat","background-position":"center center","background-size":"auto","background-attachment":"scroll","background-type":"color","background-media":"","overlay-type":"","overlay-color":"","overlay-gradient":""}},"footnotes":""},"class_list":["post-2711","page","type-page","status-publish","hentry"],"uagb_featured_image_src":{"full":false,"thumbnail":false,"medium":false,"medium_large":false,"large":false,"thumblist":false,"thumbrelated":false,"meccarouselthumb":false,"gridsquare":false,"tileview":false,"1536x1536":false,"2048x2048":false},"uagb_author_info":{"display_name":"Kanerva Jarmo","author_link":"https:\/\/kanerva.eu\/fi\/author\/admin\/"},"uagb_comment_info":0,"uagb_excerpt":"TAVOITTEITANI \u2780 SINUN ASIALLASI \u27a4 Valvotaan rahoja ja toimintaa \u27a4 Etujesi valvontaa\u27a4 J\u00e4rkevi\u00e4 p\u00e4\u00e4t\u00f6ksi\u00e4 \u27a4 Omat liiat veromiljoonat takaisin valtiolta. Niill\u00e4 palvelut. Ei verokorotuksia. TAVOITTEET KUNNASSA: \u2781 SUOMI ELINVOIMAISEKSI \u27a4 Koulut ja aikuisopiskelu kuntoon\u27a4 Ty\u00f6paikka- ja yritysyst\u00e4v\u00e4llinen kaupunki\u27a4 Toimiva ja mukava kaupunki\u27a4 Kuunnellaan asukkaita\u27a4 J\u00e4rkev\u00e4\u00e4 luonnonsuojelua\u27a4 Sivistys, vapaa-aika, liikunta\u27a4 Hy\u00f6tyj\u00e4 kansainv\u00e4lisyydest\u00e4, EU-tuet\u27a4 Ennakoiva turvallisuus \u2782&hellip;","_links":{"self":[{"href":"https:\/\/kanerva.eu\/fi\/wp-json\/wp\/v2\/pages\/2711","targetHints":{"allow":["GET"]}}],"collection":[{"href":"https:\/\/kanerva.eu\/fi\/wp-json\/wp\/v2\/pages"}],"about":[{"href":"https:\/\/kanerva.eu\/fi\/wp-json\/wp\/v2\/types\/page"}],"author":[{"embeddable":true,"href":"https:\/\/kanerva.eu\/fi\/wp-json\/wp\/v2\/users\/1"}],"replies":[{"embeddable":true,"href":"https:\/\/kanerva.eu\/fi\/wp-json\/wp\/v2\/comments?post=2711"}],"version-history":[{"count":36,"href":"https:\/\/kanerva.eu\/fi\/wp-json\/wp\/v2\/pages\/2711\/revisions"}],"predecessor-version":[{"id":12137,"href":"https:\/\/kanerva.eu\/fi\/wp-json\/wp\/v2\/pages\/2711\/revisions\/12137"}],"wp:attachment":[{"href":"https:\/\/kanerva.eu\/fi\/wp-json\/wp\/v2\/media?parent=2711"}],"curies":[{"name":"wp","href":"https:\/\/api.w.org\/{rel}","templated":true}]}}